{"id":176,"date":"2019-07-26T11:21:45","date_gmt":"2019-07-26T11:21:45","guid":{"rendered":"https:\/\/vwtuinplanten.nl\/?page_id=176"},"modified":"2021-03-11T16:07:36","modified_gmt":"2021-03-11T15:07:36","slug":"nieuws","status":"publish","type":"page","link":"https:\/\/vwtuinplanten.nl\/de\/nieuws\/","title":{"rendered":"Neuigkeiten"},"content":{"rendered":"<div class=\"wpb-content-wrapper\"><p>[vc_row full_width=&#187;stretch_row&#187; content_placement=&#187;middle&#187; el_class=&#187;inner_banner_block&#187; css=&#187;.vc_custom_1564120601791{background-image: url(https:\/\/vwtuinplanten.nl\/wp-content\/uploads\/2019\/07\/inner-banner.jpg?id=101) !important;background-position: center !important;background-repeat: no-repeat !important;background-size: cover !important;}&#187;][vc_column][vc_row_inner][vc_column_inner][vc_custom_heading text=&#187;Neuigkeiten&#187; font_container=&#187;tag:h1|text_align:center|color:%23ffffff&#187; use_theme_fonts=&#187;yes&#187; el_class=&#187;inner_banner_title&#187;][\/vc_column_inner][\/vc_row_inner][\/vc_column][\/vc_row][vc_row full_width=&#187;stretch_row&#187; el_class=&#187;news_block block_space&#187;][vc_column][vc_row_inner][vc_column_inner][vc_column_text css=&#187;.vc_custom_1564140045368{margin-bottom: 0px !important;}&#187;]<div class=\"news_listing\">\n\t\t\t<div class=\"news_grid\">\n\t\t\t\t<div class=\"news_img\">\n\t\t\t\t\t<a href=\"https:\/\/vwtuinplanten.nl\/de\/blog\/news\/van-inspiratie-in-de-kas-naar-inspiratie-op-tv\/\">\n\t\t\t\t\t\t<img decoding=\"async\" src=\"https:\/\/vwtuinplanten.nl\/wp-content\/uploads\/2026\/04\/DGTVB.jpg\" alt=\"Von Inspiration im Gew\u00e4chshaus zu Inspiration im Fernsehen\" \/>\n\t\t\t\t\t<\/a>\n\t\t\t\t<\/div>\n\t\t\t\t<div class=\"news_text\">\n\t\t\t\t\t<span class=\"news_date\"><em>24<\/em> Apr.<\/span>\n\t\t\t\t\t<h3>Von Inspiration im Gew\u00e4chshaus zu Inspiration im Fernsehen<\/h3>\n\t\t\t\t\t<article>\n\t\t\t\t\t\t<p>An diesem Samstag ist wieder eine neue Folge von De Grote Tu...<\/p>\n\t\t\t\t\t<\/article>\n\t\t\t\t\t<div class=\"site_btn\">\n\t\t\t\t\t\t<a href=\"https:\/\/vwtuinplanten.nl\/de\/blog\/news\/van-inspiratie-in-de-kas-naar-inspiratie-op-tv\/\">Weiterlesen<\/a>\n\t\t\t\t\t\t<input type=\"hidden\" name=\"test\" value=\"de\">\n\t\t\t\t\t<\/div>\n\t\t\t\t<\/div>\n\t\t\t<\/div>\n\t\t\t\n\t\t\t<div class=\"news_grid\">\n\t\t\t\t<div class=\"news_img\">\n\t\t\t\t\t<a href=\"https:\/\/vwtuinplanten.nl\/de\/blog\/news\/terugblik-kom-in-de-kas\/\">\n\t\t\t\t\t\t<img decoding=\"async\" src=\"https:\/\/vwtuinplanten.nl\/wp-content\/uploads\/2026\/04\/Publiek-kom-in-de-kas.jpg\" alt=\"R\u00fcckblick Kom in de Kas\" \/>\n\t\t\t\t\t<\/a>\n\t\t\t\t<\/div>\n\t\t\t\t<div class=\"news_text\">\n\t\t\t\t\t<span class=\"news_date\"><em>16<\/em> Apr.<\/span>\n\t\t\t\t\t<h3>R\u00fcckblick Kom in de Kas<\/h3>\n\t\t\t\t\t<article>\n\t\t\t\t\t\t<p>Am vergangenen Samstag haben wir im Rahmen von Kom in de Kas...<\/p>\n\t\t\t\t\t<\/article>\n\t\t\t\t\t<div class=\"site_btn\">\n\t\t\t\t\t\t<a href=\"https:\/\/vwtuinplanten.nl\/de\/blog\/news\/terugblik-kom-in-de-kas\/\">Weiterlesen<\/a>\n\t\t\t\t\t\t<input type=\"hidden\" name=\"test\" value=\"de\">\n\t\t\t\t\t<\/div>\n\t\t\t\t<\/div>\n\t\t\t<\/div>\n\t\t\t\n\t\t\t<div class=\"news_grid\">\n\t\t\t\t<div class=\"news_img\">\n\t\t\t\t\t<a href=\"https:\/\/vwtuinplanten.nl\/de\/blog\/news\/kleur-je-dag\/\">\n\t\t\t\t\t\t<img decoding=\"async\" src=\"https:\/\/vwtuinplanten.nl\/wp-content\/uploads\/2026\/04\/nieuw-seizoen-1024x678.jpg\" alt=\"Farbe f\u00fcr den Tag\" \/>\n\t\t\t\t\t<\/a>\n\t\t\t\t<\/div>\n\t\t\t\t<div class=\"news_text\">\n\t\t\t\t\t<span class=\"news_date\"><em>09<\/em> Apr.<\/span>\n\t\t\t\t\t<h3>Farbe f\u00fcr den Tag<\/h3>\n\t\t\t\t\t<article>\n\t\t\t\t\t\t<p>\u200bWas die Arbeit mit Stauden so besonders macht, ist, dass ...<\/p>\n\t\t\t\t\t<\/article>\n\t\t\t\t\t<div class=\"site_btn\">\n\t\t\t\t\t\t<a href=\"https:\/\/vwtuinplanten.nl\/de\/blog\/news\/kleur-je-dag\/\">Weiterlesen<\/a>\n\t\t\t\t\t\t<input type=\"hidden\" name=\"test\" value=\"de\">\n\t\t\t\t\t<\/div>\n\t\t\t\t<\/div>\n\t\t\t<\/div>\n\t\t\t\n\t\t\t<div class=\"news_grid\">\n\t\t\t\t<div class=\"news_img\">\n\t\t\t\t\t<a href=\"https:\/\/vwtuinplanten.nl\/de\/blog\/news\/kom-in-de-kas-bij-van-woudenberg-met-ivo-van-de-grote-tuinverbouwing\/\">\n\t\t\t\t\t\t<img decoding=\"async\" src=\"https:\/\/vwtuinplanten.nl\/wp-content\/uploads\/2026\/03\/kom-in-de-kas-1024x786.jpg\" alt=\"&#8218;Kom in de Kas&#8216; Tag der offenen Gew\u00e4chsh\u00e4user\" \/>\n\t\t\t\t\t<\/a>\n\t\t\t\t<\/div>\n\t\t\t\t<div class=\"news_text\">\n\t\t\t\t\t<span class=\"news_date\"><em>31<\/em> M\u00e4rz<\/span>\n\t\t\t\t\t<h3>&#8218;Kom in de Kas&#8216; Tag der offenen Gew\u00e4chsh\u00e4user<\/h3>\n\t\t\t\t\t<article>\n\t\t\t\t\t\t<p>Am 11 April \u00f6ffnet Van Woudenberg Tuinplanten seine T\u00fcren ...<\/p>\n\t\t\t\t\t<\/article>\n\t\t\t\t\t<div class=\"site_btn\">\n\t\t\t\t\t\t<a href=\"https:\/\/vwtuinplanten.nl\/de\/blog\/news\/kom-in-de-kas-bij-van-woudenberg-met-ivo-van-de-grote-tuinverbouwing\/\">Weiterlesen<\/a>\n\t\t\t\t\t\t<input type=\"hidden\" name=\"test\" value=\"de\">\n\t\t\t\t\t<\/div>\n\t\t\t\t<\/div>\n\t\t\t<\/div>\n\t\t\t\n\t\t\t<div class=\"news_grid\">\n\t\t\t\t<div class=\"news_img\">\n\t\t\t\t\t<a href=\"https:\/\/vwtuinplanten.nl\/de\/blog\/news\/hosta-in-aantocht-het-seizoen-komt-op-gang\/\">\n\t\t\t\t\t\t<img decoding=\"async\" src=\"https:\/\/vwtuinplanten.nl\/wp-content\/uploads\/2026\/03\/Hosta-uitleveren.jpg\" alt=\"Hosta im Anmarsch, die Saison kommt in Gang!\" \/>\n\t\t\t\t\t<\/a>\n\t\t\t\t<\/div>\n\t\t\t\t<div class=\"news_text\">\n\t\t\t\t\t<span class=\"news_date\"><em>27<\/em> M\u00e4rz<\/span>\n\t\t\t\t\t<h3>Hosta im Anmarsch, die Saison kommt in Gang!<\/h3>\n\t\t\t\t\t<article>\n\t\t\t\t\t\t<p>In der G\u00e4rtnerei hat der Fr\u00fchling deutlich begonnen.Was mi...<\/p>\n\t\t\t\t\t<\/article>\n\t\t\t\t\t<div class=\"site_btn\">\n\t\t\t\t\t\t<a href=\"https:\/\/vwtuinplanten.nl\/de\/blog\/news\/hosta-in-aantocht-het-seizoen-komt-op-gang\/\">Weiterlesen<\/a>\n\t\t\t\t\t\t<input type=\"hidden\" name=\"test\" value=\"de\">\n\t\t\t\t\t<\/div>\n\t\t\t\t<\/div>\n\t\t\t<\/div>\n\t\t\t\n\t\t\t<div class=\"news_grid\">\n\t\t\t\t<div class=\"news_img\">\n\t\t\t\t\t<a href=\"https:\/\/vwtuinplanten.nl\/de\/blog\/news\/van-teelt-tot-tuin\/\">\n\t\t\t\t\t\t<img decoding=\"async\" src=\"https:\/\/vwtuinplanten.nl\/wp-content\/uploads\/2026\/03\/Van-Teelt-tot-Tuin.jpg\" alt=\"Vom Anbau bis zum Garten\" \/>\n\t\t\t\t\t<\/a>\n\t\t\t\t<\/div>\n\t\t\t\t<div class=\"news_text\">\n\t\t\t\t\t<span class=\"news_date\"><em>19<\/em> M\u00e4rz<\/span>\n\t\t\t\t\t<h3>Vom Anbau bis zum Garten<\/h3>\n\t\t\t\t\t<article>\n\t\t\t\t\t\t<p>Bei Van Woudenberg Tuinplanten sind wir am Projekt \u201eVom An...<\/p>\n\t\t\t\t\t<\/article>\n\t\t\t\t\t<div class=\"site_btn\">\n\t\t\t\t\t\t<a href=\"https:\/\/vwtuinplanten.nl\/de\/blog\/news\/van-teelt-tot-tuin\/\">Weiterlesen<\/a>\n\t\t\t\t\t\t<input type=\"hidden\" name=\"test\" value=\"de\">\n\t\t\t\t\t<\/div>\n\t\t\t\t<\/div>\n\t\t\t<\/div>\n\t\t\t\n\t\t\t<div class=\"news_grid\">\n\t\t\t\t<div class=\"news_img\">\n\t\t\t\t\t<a href=\"https:\/\/vwtuinplanten.nl\/de\/blog\/news\/vaste-plantenshows-bij-van-woudenberg-gestart\/\">\n\t\t\t\t\t\t<img decoding=\"async\" src=\"https:\/\/vwtuinplanten.nl\/wp-content\/uploads\/2026\/03\/Plantenshow-10-mrt.jpg\" alt=\"Stauden-Shows gestartet!\" \/>\n\t\t\t\t\t<\/a>\n\t\t\t\t<\/div>\n\t\t\t\t<div class=\"news_text\">\n\t\t\t\t\t<span class=\"news_date\"><em>10<\/em> M\u00e4rz<\/span>\n\t\t\t\t\t<h3>Stauden-Shows gestartet!<\/h3>\n\t\t\t\t\t<article>\n\t\t\t\t\t\t<p>Direkt lieferbare Stauden f\u00fcr die neue Saison\r\nHeute starte...<\/p>\n\t\t\t\t\t<\/article>\n\t\t\t\t\t<div class=\"site_btn\">\n\t\t\t\t\t\t<a href=\"https:\/\/vwtuinplanten.nl\/de\/blog\/news\/vaste-plantenshows-bij-van-woudenberg-gestart\/\">Weiterlesen<\/a>\n\t\t\t\t\t\t<input type=\"hidden\" name=\"test\" value=\"de\">\n\t\t\t\t\t<\/div>\n\t\t\t\t<\/div>\n\t\t\t<\/div>\n\t\t\t\n\t\t\t<div class=\"news_grid\">\n\t\t\t\t<div class=\"news_img\">\n\t\t\t\t\t<a href=\"https:\/\/vwtuinplanten.nl\/de\/blog\/news\/nieuw-in-ons-assortiment-dreameria-big-mauve\/\">\n\t\t\t\t\t\t<img decoding=\"async\" src=\"https:\/\/vwtuinplanten.nl\/wp-content\/uploads\/2026\/02\/Dreameria-Big-Mauve.jpg\" alt=\"Neu in unserem Sortiment: Dreameria Big Mauve\" \/>\n\t\t\t\t\t<\/a>\n\t\t\t\t<\/div>\n\t\t\t\t<div class=\"news_text\">\n\t\t\t\t\t<span class=\"news_date\"><em>28<\/em> Feb.<\/span>\n\t\t\t\t\t<h3>Neu in unserem Sortiment: Dreameria Big Mauve<\/h3>\n\t\t\t\t\t<article>\n\t\t\t\t\t\t<p>Der Fr\u00fchling beginnt am Knibbelweg fr\u00fch.Die ersten Farben ...<\/p>\n\t\t\t\t\t<\/article>\n\t\t\t\t\t<div class=\"site_btn\">\n\t\t\t\t\t\t<a href=\"https:\/\/vwtuinplanten.nl\/de\/blog\/news\/nieuw-in-ons-assortiment-dreameria-big-mauve\/\">Weiterlesen<\/a>\n\t\t\t\t\t\t<input type=\"hidden\" name=\"test\" value=\"de\">\n\t\t\t\t\t<\/div>\n\t\t\t\t<\/div>\n\t\t\t<\/div>\n\t\t\t\n\t\t\t<div class=\"news_grid\">\n\t\t\t\t<div class=\"news_img\">\n\t\t\t\t\t<a href=\"https:\/\/vwtuinplanten.nl\/de\/blog\/news\/samen-klaar-voor-2026\/\">\n\t\t\t\t\t\t<img decoding=\"async\" src=\"https:\/\/vwtuinplanten.nl\/wp-content\/uploads\/2026\/02\/Anemone-Macane.jpg\" alt=\"Gemeinsam bereit f\u00fcr 2026\" \/>\n\t\t\t\t\t<\/a>\n\t\t\t\t<\/div>\n\t\t\t\t<div class=\"news_text\">\n\t\t\t\t\t<span class=\"news_date\"><em>19<\/em> Feb.<\/span>\n\t\t\t\t\t<h3>Gemeinsam bereit f\u00fcr 2026<\/h3>\n\t\t\t\t\t<article>\n\t\t\t\t\t\t<p>Letzte Woche waren wir noch mit dem gesamten Team in Portuga...<\/p>\n\t\t\t\t\t<\/article>\n\t\t\t\t\t<div class=\"site_btn\">\n\t\t\t\t\t\t<a href=\"https:\/\/vwtuinplanten.nl\/de\/blog\/news\/samen-klaar-voor-2026\/\">Weiterlesen<\/a>\n\t\t\t\t\t\t<input type=\"hidden\" name=\"test\" value=\"de\">\n\t\t\t\t\t<\/div>\n\t\t\t\t<\/div>\n\t\t\t<\/div>\n\t\t\t\n\t\t\t<div class=\"news_grid\">\n\t\t\t\t<div class=\"news_img\">\n\t\t\t\t\t<a href=\"https:\/\/vwtuinplanten.nl\/de\/blog\/news\/kwaliteit-in-het-veld\/\">\n\t\t\t\t\t\t<img decoding=\"async\" src=\"https:\/\/vwtuinplanten.nl\/wp-content\/uploads\/2026\/02\/planten-Portugal-1024x675.jpg\" alt=\"Qualit\u00e4t auf dem Feld\" \/>\n\t\t\t\t\t<\/a>\n\t\t\t\t<\/div>\n\t\t\t\t<div class=\"news_text\">\n\t\t\t\t\t<span class=\"news_date\"><em>13<\/em> Feb.<\/span>\n\t\t\t\t\t<h3>Qualit\u00e4t auf dem Feld<\/h3>\n\t\t\t\t\t<article>\n\t\t\t\t\t\t<p>W\u00e4hrend unseres Besuchs in Portugal ging es uns nicht nur u...<\/p>\n\t\t\t\t\t<\/article>\n\t\t\t\t\t<div class=\"site_btn\">\n\t\t\t\t\t\t<a href=\"https:\/\/vwtuinplanten.nl\/de\/blog\/news\/kwaliteit-in-het-veld\/\">Weiterlesen<\/a>\n\t\t\t\t\t\t<input type=\"hidden\" name=\"test\" value=\"de\">\n\t\t\t\t\t<\/div>\n\t\t\t\t<\/div>\n\t\t\t<\/div>\n\t\t\t\n\t\t\t<div class=\"news_grid\">\n\t\t\t\t<div class=\"news_img\">\n\t\t\t\t\t<a href=\"https:\/\/vwtuinplanten.nl\/de\/blog\/news\/samen-naar-portugal\/\">\n\t\t\t\t\t\t<img decoding=\"async\" src=\"https:\/\/vwtuinplanten.nl\/wp-content\/uploads\/2026\/02\/Team-Portugal-1024x556.jpg\" alt=\"Gemeinsam nach Portugal\" \/>\n\t\t\t\t\t<\/a>\n\t\t\t\t<\/div>\n\t\t\t\t<div class=\"news_text\">\n\t\t\t\t\t<span class=\"news_date\"><em>06<\/em> Feb.<\/span>\n\t\t\t\t\t<h3>Gemeinsam nach Portugal<\/h3>\n\t\t\t\t\t<article>\n\t\t\t\t\t\t<p>Mit dem gesamten Team sind wir nach Portugal gereist.Ein bes...<\/p>\n\t\t\t\t\t<\/article>\n\t\t\t\t\t<div class=\"site_btn\">\n\t\t\t\t\t\t<a href=\"https:\/\/vwtuinplanten.nl\/de\/blog\/news\/samen-naar-portugal\/\">Weiterlesen<\/a>\n\t\t\t\t\t\t<input type=\"hidden\" name=\"test\" value=\"de\">\n\t\t\t\t\t<\/div>\n\t\t\t\t<\/div>\n\t\t\t<\/div>\n\t\t\t\n\t\t\t<div class=\"news_grid\">\n\t\t\t\t<div class=\"news_img\">\n\t\t\t\t\t<a href=\"https:\/\/vwtuinplanten.nl\/de\/blog\/news\/genomineerd-voor-duurzame-samenwerking\/\">\n\t\t\t\t\t\t<img decoding=\"async\" src=\"https:\/\/vwtuinplanten.nl\/wp-content\/uploads\/2026\/01\/nominatie.jpg\" alt=\"Nominiert f\u00fcr nachhaltige Zusammenarbeit\" \/>\n\t\t\t\t\t<\/a>\n\t\t\t\t<\/div>\n\t\t\t\t<div class=\"news_text\">\n\t\t\t\t\t<span class=\"news_date\"><em>30<\/em> Jan.<\/span>\n\t\t\t\t\t<h3>Nominiert f\u00fcr nachhaltige Zusammenarbeit<\/h3>\n\t\t\t\t\t<article>\n\t\t\t\t\t\t<p>Wir sind stolz darauf, dass Van Woudenberg Tuinplanten f\u00fcr ...<\/p>\n\t\t\t\t\t<\/article>\n\t\t\t\t\t<div class=\"site_btn\">\n\t\t\t\t\t\t<a href=\"https:\/\/vwtuinplanten.nl\/de\/blog\/news\/genomineerd-voor-duurzame-samenwerking\/\">Weiterlesen<\/a>\n\t\t\t\t\t\t<input type=\"hidden\" name=\"test\" value=\"de\">\n\t\t\t\t\t<\/div>\n\t\t\t\t<\/div>\n\t\t\t<\/div>\n\t\t\t\n\t\t\t<div class=\"news_grid\">\n\t\t\t\t<div class=\"news_img\">\n\t\t\t\t\t<a href=\"https:\/\/vwtuinplanten.nl\/de\/blog\/news\/erysimum-bowles-mauve\/\">\n\t\t\t\t\t\t<img decoding=\"async\" src=\"https:\/\/vwtuinplanten.nl\/wp-content\/uploads\/2026\/01\/Erysimum-Bowles-Mauve\u200b.jpg\" alt=\"Erysimum Bowles Mauve\" \/>\n\t\t\t\t\t<\/a>\n\t\t\t\t<\/div>\n\t\t\t\t<div class=\"news_text\">\n\t\t\t\t\t<span class=\"news_date\"><em>27<\/em> Jan.<\/span>\n\t\t\t\t\t<h3>Erysimum Bowles Mauve<\/h3>\n\t\t\t\t\t<article>\n\t\t\t\t\t\t<p>Am vergangenen Sonntag haben wir einen kurzen Rundgang durch...<\/p>\n\t\t\t\t\t<\/article>\n\t\t\t\t\t<div class=\"site_btn\">\n\t\t\t\t\t\t<a href=\"https:\/\/vwtuinplanten.nl\/de\/blog\/news\/erysimum-bowles-mauve\/\">Weiterlesen<\/a>\n\t\t\t\t\t\t<input type=\"hidden\" name=\"test\" value=\"de\">\n\t\t\t\t\t<\/div>\n\t\t\t\t<\/div>\n\t\t\t<\/div>\n\t\t\t\n\t\t\t<div class=\"news_grid\">\n\t\t\t\t<div class=\"news_img\">\n\t\t\t\t\t<a href=\"https:\/\/vwtuinplanten.nl\/de\/blog\/news\/opgaande-doorbloeiende-dianthus\/\">\n\t\t\t\t\t\t<img decoding=\"async\" src=\"https:\/\/vwtuinplanten.nl\/wp-content\/uploads\/2026\/01\/Whetman-Cocktails.jpg\" alt=\"Aufrecht wachsende, reichbl\u00fchende Dianthus\" \/>\n\t\t\t\t\t<\/a>\n\t\t\t\t<\/div>\n\t\t\t\t<div class=\"news_text\">\n\t\t\t\t\t<span class=\"news_date\"><em>23<\/em> Jan.<\/span>\n\t\t\t\t\t<h3>Aufrecht wachsende, reichbl\u00fchende Dianthus<\/h3>\n\t\t\t\t\t<article>\n\t\t\t\t\t\t<p>Im kommenden Fr\u00fchjahr erweitern wir unser Sortiment mit der...<\/p>\n\t\t\t\t\t<\/article>\n\t\t\t\t\t<div class=\"site_btn\">\n\t\t\t\t\t\t<a href=\"https:\/\/vwtuinplanten.nl\/de\/blog\/news\/opgaande-doorbloeiende-dianthus\/\">Weiterlesen<\/a>\n\t\t\t\t\t\t<input type=\"hidden\" name=\"test\" value=\"de\">\n\t\t\t\t\t<\/div>\n\t\t\t\t<\/div>\n\t\t\t<\/div>\n\t\t\t\n\t\t\t<div class=\"news_grid\">\n\t\t\t\t<div class=\"news_img\">\n\t\t\t\t\t<a href=\"https:\/\/vwtuinplanten.nl\/de\/blog\/news\/sterke-logistiek-onze-onmisbare-kracht\/\">\n\t\t\t\t\t\t<img decoding=\"async\" src=\"https:\/\/vwtuinplanten.nl\/wp-content\/uploads\/2026\/01\/Logistiek-Portugal.jpg\" alt=\"Starke Logistik, unsere unverzichtbare St\u00e4rke!\" \/>\n\t\t\t\t\t<\/a>\n\t\t\t\t<\/div>\n\t\t\t\t<div class=\"news_text\">\n\t\t\t\t\t<span class=\"news_date\"><em>13<\/em> Jan.<\/span>\n\t\t\t\t\t<h3>Starke Logistik, unsere unverzichtbare St\u00e4rke!<\/h3>\n\t\t\t\t\t<article>\n\t\t\t\t\t\t<p>Bei Van Woudenberg Tuinplanten geht es nicht nur darum, was ...<\/p>\n\t\t\t\t\t<\/article>\n\t\t\t\t\t<div class=\"site_btn\">\n\t\t\t\t\t\t<a href=\"https:\/\/vwtuinplanten.nl\/de\/blog\/news\/sterke-logistiek-onze-onmisbare-kracht\/\">Weiterlesen<\/a>\n\t\t\t\t\t\t<input type=\"hidden\" name=\"test\" value=\"de\">\n\t\t\t\t\t<\/div>\n\t\t\t\t<\/div>\n\t\t\t<\/div>\n\t\t\t\n\t\t\t<div class=\"news_grid\">\n\t\t\t\t<div class=\"news_img\">\n\t\t\t\t\t<a href=\"https:\/\/vwtuinplanten.nl\/de\/blog\/news\/samen-het-nieuwe-jaar-starten\/\">\n\t\t\t\t\t\t<img decoding=\"async\" src=\"https:\/\/vwtuinplanten.nl\/wp-content\/uploads\/2026\/01\/Nieuwe-groepsfoto-in-de-sneeuw.jpg\" alt=\"Gemeinsam ins neue Jahr starten\" \/>\n\t\t\t\t\t<\/a>\n\t\t\t\t<\/div>\n\t\t\t\t<div class=\"news_text\">\n\t\t\t\t\t<span class=\"news_date\"><em>09<\/em> Jan.<\/span>\n\t\t\t\t\t<h3>Gemeinsam ins neue Jahr starten<\/h3>\n\t\t\t\t\t<article>\n\t\t\t\t\t\t<p>Wir schlie\u00dfen diese erste winterliche Woche mit einem passe...<\/p>\n\t\t\t\t\t<\/article>\n\t\t\t\t\t<div class=\"site_btn\">\n\t\t\t\t\t\t<a href=\"https:\/\/vwtuinplanten.nl\/de\/blog\/news\/samen-het-nieuwe-jaar-starten\/\">Weiterlesen<\/a>\n\t\t\t\t\t\t<input type=\"hidden\" name=\"test\" value=\"de\">\n\t\t\t\t\t<\/div>\n\t\t\t\t<\/div>\n\t\t\t<\/div>\n\t\t\t\n\t\t\t<div class=\"news_grid\">\n\t\t\t\t<div class=\"news_img\">\n\t\t\t\t\t<a href=\"https:\/\/vwtuinplanten.nl\/de\/blog\/news\/fijne-feestdagen\/\">\n\t\t\t\t\t\t<img decoding=\"async\" src=\"https:\/\/vwtuinplanten.nl\/wp-content\/uploads\/2025\/12\/1-726x1024.jpg\" alt=\"Frohe Festtage\" \/>\n\t\t\t\t\t<\/a>\n\t\t\t\t<\/div>\n\t\t\t\t<div class=\"news_text\">\n\t\t\t\t\t<span class=\"news_date\"><em>22<\/em> Dez.<\/span>\n\t\t\t\t\t<h3>Frohe Festtage<\/h3>\n\t\t\t\t\t<article>\n\t\t\t\t\t\t<p>Zum Ende dieses Jahres nehmen wir uns bei Van Woudenberg Tui...<\/p>\n\t\t\t\t\t<\/article>\n\t\t\t\t\t<div class=\"site_btn\">\n\t\t\t\t\t\t<a href=\"https:\/\/vwtuinplanten.nl\/de\/blog\/news\/fijne-feestdagen\/\">Weiterlesen<\/a>\n\t\t\t\t\t\t<input type=\"hidden\" name=\"test\" value=\"de\">\n\t\t\t\t\t<\/div>\n\t\t\t\t<\/div>\n\t\t\t<\/div>\n\t\t\t\n\t\t\t<div class=\"news_grid\">\n\t\t\t\t<div class=\"news_img\">\n\t\t\t\t\t<a href=\"https:\/\/vwtuinplanten.nl\/de\/blog\/news\/de-wintertuin\/\">\n\t\t\t\t\t\t<img decoding=\"async\" src=\"https:\/\/vwtuinplanten.nl\/wp-content\/uploads\/2025\/12\/post-15-dec-1-965x1024.jpg\" alt=\"Der Wintergarten\" \/>\n\t\t\t\t\t<\/a>\n\t\t\t\t<\/div>\n\t\t\t\t<div class=\"news_text\">\n\t\t\t\t\t<span class=\"news_date\"><em>15<\/em> Dez.<\/span>\n\t\t\t\t\t<h3>Der Wintergarten<\/h3>\n\t\t\t\t\t<article>\n\t\t\t\t\t\t<p>Als Sponsor von De Grote Tuinverbouwing verfolgen wir bei Va...<\/p>\n\t\t\t\t\t<\/article>\n\t\t\t\t\t<div class=\"site_btn\">\n\t\t\t\t\t\t<a href=\"https:\/\/vwtuinplanten.nl\/de\/blog\/news\/de-wintertuin\/\">Weiterlesen<\/a>\n\t\t\t\t\t\t<input type=\"hidden\" name=\"test\" value=\"de\">\n\t\t\t\t\t<\/div>\n\t\t\t\t<\/div>\n\t\t\t<\/div>\n\t\t\t\n\t\t\t<div class=\"news_grid\">\n\t\t\t\t<div class=\"news_img\">\n\t\t\t\t\t<a href=\"https:\/\/vwtuinplanten.nl\/de\/blog\/news\/sinterklaasmoment-met-een-glimlach\/\">\n\t\t\t\t\t\t<img decoding=\"async\" src=\"https:\/\/vwtuinplanten.nl\/wp-content\/uploads\/2025\/12\/Sinterklaas-lunch-1024x761.jpg\" alt=\"Ein Sinterklaas Moment mit einem L\u00e4cheln\" \/>\n\t\t\t\t\t<\/a>\n\t\t\t\t<\/div>\n\t\t\t\t<div class=\"news_text\">\n\t\t\t\t\t<span class=\"news_date\"><em>12<\/em> Dez.<\/span>\n\t\t\t\t\t<h3>Ein Sinterklaas Moment mit einem L\u00e4cheln<\/h3>\n\t\t\t\t\t<article>\n\t\t\t\t\t\t<p>Anfang Dezember haben wir uns bei Van Woudenberg Tuinplanten...<\/p>\n\t\t\t\t\t<\/article>\n\t\t\t\t\t<div class=\"site_btn\">\n\t\t\t\t\t\t<a href=\"https:\/\/vwtuinplanten.nl\/de\/blog\/news\/sinterklaasmoment-met-een-glimlach\/\">Weiterlesen<\/a>\n\t\t\t\t\t\t<input type=\"hidden\" name=\"test\" value=\"de\">\n\t\t\t\t\t<\/div>\n\t\t\t\t<\/div>\n\t\t\t<\/div>\n\t\t\t\n\t\t\t<div class=\"news_grid\">\n\t\t\t\t<div class=\"news_img\">\n\t\t\t\t\t<a href=\"https:\/\/vwtuinplanten.nl\/de\/blog\/news\/in-memoriam-%e2%99%a5-catalin\/\">\n\t\t\t\t\t\t<img decoding=\"async\" src=\"https:\/\/vwtuinplanten.nl\/wp-content\/uploads\/2025\/11\/in-memoriam--756x1024.jpg\" alt=\"In Memoriam \u2665 Catalin Spataru\" \/>\n\t\t\t\t\t<\/a>\n\t\t\t\t<\/div>\n\t\t\t\t<div class=\"news_text\">\n\t\t\t\t\t<span class=\"news_date\"><em>28<\/em> Nov.<\/span>\n\t\t\t\t\t<h3>In Memoriam \u2665 Catalin Spataru<\/h3>\n\t\t\t\t\t<article>\n\t\t\t\t\t\t<p>Mit gro\u00dfer Traurigkeit teilen wir den Tod unseres sehr gesc...<\/p>\n\t\t\t\t\t<\/article>\n\t\t\t\t\t<div class=\"site_btn\">\n\t\t\t\t\t\t<a href=\"https:\/\/vwtuinplanten.nl\/de\/blog\/news\/in-memoriam-%e2%99%a5-catalin\/\">Weiterlesen<\/a>\n\t\t\t\t\t\t<input type=\"hidden\" name=\"test\" value=\"de\">\n\t\t\t\t\t<\/div>\n\t\t\t\t<\/div>\n\t\t\t<\/div>\n\t\t\t\n\t\t\t<div class=\"news_grid\">\n\t\t\t\t<div class=\"news_img\">\n\t\t\t\t\t<a href=\"https:\/\/vwtuinplanten.nl\/de\/blog\/news\/extra-ruimte-voor-nog-beter\/\">\n\t\t\t\t\t\t<img decoding=\"async\" src=\"https:\/\/vwtuinplanten.nl\/wp-content\/uploads\/2025\/11\/nieuwe-ruimte.jpg\" alt=\"Mehr Raum f\u00fcr den Schritt von gut zu besser\" \/>\n\t\t\t\t\t<\/a>\n\t\t\t\t<\/div>\n\t\t\t\t<div class=\"news_text\">\n\t\t\t\t\t<span class=\"news_date\"><em>20<\/em> Nov.<\/span>\n\t\t\t\t\t<h3>Mehr Raum f\u00fcr den Schritt von gut zu besser<\/h3>\n\t\t\t\t\t<article>\n\t\t\t\t\t\t<p>Wir haben die Saison sehr erfolgreich abgeschlossen.F\u00fcr Van...<\/p>\n\t\t\t\t\t<\/article>\n\t\t\t\t\t<div class=\"site_btn\">\n\t\t\t\t\t\t<a href=\"https:\/\/vwtuinplanten.nl\/de\/blog\/news\/extra-ruimte-voor-nog-beter\/\">Weiterlesen<\/a>\n\t\t\t\t\t\t<input type=\"hidden\" name=\"test\" value=\"de\">\n\t\t\t\t\t<\/div>\n\t\t\t\t<\/div>\n\t\t\t<\/div>\n\t\t\t\n\t\t\t<div class=\"news_grid\">\n\t\t\t\t<div class=\"news_img\">\n\t\t\t\t\t<a href=\"https:\/\/vwtuinplanten.nl\/de\/blog\/news\/sponsoring-zvh-volleybal\/\">\n\t\t\t\t\t\t<img decoding=\"async\" src=\"https:\/\/vwtuinplanten.nl\/wp-content\/uploads\/2025\/11\/nieuws-6-nov--1024x668.jpg\" alt=\"Sponsoring ZVH Volleybal\" \/>\n\t\t\t\t\t<\/a>\n\t\t\t\t<\/div>\n\t\t\t\t<div class=\"news_text\">\n\t\t\t\t\t<span class=\"news_date\"><em>06<\/em> Nov.<\/span>\n\t\t\t\t\t<h3>Sponsoring ZVH Volleybal<\/h3>\n\t\t\t\t\t<article>\n\t\t\t\t\t\t<p>Bei Van Woudenberg Tuinplanten glauben wir an Verbindung, ni...<\/p>\n\t\t\t\t\t<\/article>\n\t\t\t\t\t<div class=\"site_btn\">\n\t\t\t\t\t\t<a href=\"https:\/\/vwtuinplanten.nl\/de\/blog\/news\/sponsoring-zvh-volleybal\/\">Weiterlesen<\/a>\n\t\t\t\t\t\t<input type=\"hidden\" name=\"test\" value=\"de\">\n\t\t\t\t\t<\/div>\n\t\t\t\t<\/div>\n\t\t\t<\/div>\n\t\t\t\n\t\t\t<div class=\"news_grid\">\n\t\t\t\t<div class=\"news_img\">\n\t\t\t\t\t<a href=\"https:\/\/vwtuinplanten.nl\/de\/blog\/news\/11-jaar-online\/\">\n\t\t\t\t\t\t<img decoding=\"async\" src=\"https:\/\/vwtuinplanten.nl\/wp-content\/uploads\/2025\/10\/nieuws-30-okt-1024x660.jpg\" alt=\"11 Jahre online!\" \/>\n\t\t\t\t\t<\/a>\n\t\t\t\t<\/div>\n\t\t\t\t<div class=\"news_text\">\n\t\t\t\t\t<span class=\"news_date\"><em>30<\/em> Okt.<\/span>\n\t\t\t\t\t<h3>11 Jahre online!<\/h3>\n\t\t\t\t\t<article>\n\t\t\t\t\t\t<p>Am 25. Oktober war es genau so weit: Unsere Website wurde 11...<\/p>\n\t\t\t\t\t<\/article>\n\t\t\t\t\t<div class=\"site_btn\">\n\t\t\t\t\t\t<a href=\"https:\/\/vwtuinplanten.nl\/de\/blog\/news\/11-jaar-online\/\">Weiterlesen<\/a>\n\t\t\t\t\t\t<input type=\"hidden\" name=\"test\" value=\"de\">\n\t\t\t\t\t<\/div>\n\t\t\t\t<\/div>\n\t\t\t<\/div>\n\t\t\t\n\t\t\t<div class=\"news_grid\">\n\t\t\t\t<div class=\"news_img\">\n\t\t\t\t\t<a href=\"https:\/\/vwtuinplanten.nl\/de\/blog\/news\/erica-darleyensis-voegt-kleur-toe-in-de-winter\/\">\n\t\t\t\t\t\t<img decoding=\"async\" src=\"https:\/\/vwtuinplanten.nl\/wp-content\/uploads\/2025\/10\/post-16-okt-1024x688.jpg\" alt=\"Erica darleyensis bringt Farbe in den Winter\" \/>\n\t\t\t\t\t<\/a>\n\t\t\t\t<\/div>\n\t\t\t\t<div class=\"news_text\">\n\t\t\t\t\t<span class=\"news_date\"><em>16<\/em> Okt.<\/span>\n\t\t\t\t\t<h3>Erica darleyensis bringt Farbe in den Winter<\/h3>\n\t\t\t\t\t<article>\n\t\t\t\t\t\t<p>Wie wir letzte Woche schon sagten, ist jetzt die Erica darle...<\/p>\n\t\t\t\t\t<\/article>\n\t\t\t\t\t<div class=\"site_btn\">\n\t\t\t\t\t\t<a href=\"https:\/\/vwtuinplanten.nl\/de\/blog\/news\/erica-darleyensis-voegt-kleur-toe-in-de-winter\/\">Weiterlesen<\/a>\n\t\t\t\t\t\t<input type=\"hidden\" name=\"test\" value=\"de\">\n\t\t\t\t\t<\/div>\n\t\t\t\t<\/div>\n\t\t\t<\/div>\n\t\t\t\n\t\t\t<div class=\"news_grid\">\n\t\t\t\t<div class=\"news_img\">\n\t\t\t\t\t<a href=\"https:\/\/vwtuinplanten.nl\/de\/blog\/news\/het-najaar-is-begonnen\/\">\n\t\t\t\t\t\t<img decoding=\"async\" src=\"https:\/\/vwtuinplanten.nl\/wp-content\/uploads\/2025\/10\/nws-1-okt-1024x930.jpg\" alt=\"Der Herbst ist in vollem Gange\" \/>\n\t\t\t\t\t<\/a>\n\t\t\t\t<\/div>\n\t\t\t\t<div class=\"news_text\">\n\t\t\t\t\t<span class=\"news_date\"><em>10<\/em> Okt.<\/span>\n\t\t\t\t\t<h3>Der Herbst ist in vollem Gange<\/h3>\n\t\t\t\t\t<article>\n\t\t\t\t\t\t<p>Bei Van Woudenberg Tuinplanten l\u00e4uft die Saison auf Hochtou...<\/p>\n\t\t\t\t\t<\/article>\n\t\t\t\t\t<div class=\"site_btn\">\n\t\t\t\t\t\t<a href=\"https:\/\/vwtuinplanten.nl\/de\/blog\/news\/het-najaar-is-begonnen\/\">Weiterlesen<\/a>\n\t\t\t\t\t\t<input type=\"hidden\" name=\"test\" value=\"de\">\n\t\t\t\t\t<\/div>\n\t\t\t\t<\/div>\n\t\t\t<\/div>\n\t\t\t\n\t\t\t<div class=\"news_grid\">\n\t\t\t\t<div class=\"news_img\">\n\t\t\t\t\t<a href=\"https:\/\/vwtuinplanten.nl\/de\/blog\/news\/nieuwe-generatie-inspireren-in-de-tuinbouw\/\">\n\t\t\t\t\t\t<img decoding=\"async\" src=\"https:\/\/vwtuinplanten.nl\/wp-content\/uploads\/2025\/10\/Excursie-Has-leerlingen.jpg\" alt=\"Die n\u00e4chste Generation f\u00fcr den Gartenbau inspirieren\" \/>\n\t\t\t\t\t<\/a>\n\t\t\t\t<\/div>\n\t\t\t\t<div class=\"news_text\">\n\t\t\t\t\t<span class=\"news_date\"><em>01<\/em> Okt.<\/span>\n\t\t\t\t\t<h3>Die n\u00e4chste Generation f\u00fcr den Gartenbau inspirieren<\/h3>\n\t\t\t\t\t<article>\n\t\t\t\t\t\t<p>In der vergangenen Woche durften wir die Erstsemester der HA...<\/p>\n\t\t\t\t\t<\/article>\n\t\t\t\t\t<div class=\"site_btn\">\n\t\t\t\t\t\t<a href=\"https:\/\/vwtuinplanten.nl\/de\/blog\/news\/nieuwe-generatie-inspireren-in-de-tuinbouw\/\">Weiterlesen<\/a>\n\t\t\t\t\t\t<input type=\"hidden\" name=\"test\" value=\"de\">\n\t\t\t\t\t<\/div>\n\t\t\t\t<\/div>\n\t\t\t<\/div>\n\t\t\t\n\t\t\t<div class=\"news_grid\">\n\t\t\t\t<div class=\"news_img\">\n\t\t\t\t\t<a href=\"https:\/\/vwtuinplanten.nl\/de\/blog\/news\/sterke-start-richting-2026\/\">\n\t\t\t\t\t\t<img decoding=\"async\" src=\"https:\/\/vwtuinplanten.nl\/wp-content\/uploads\/2025\/09\/nieuws-25-sept-1024x679.jpg\" alt=\"Starker Start in Richtung 2026\" \/>\n\t\t\t\t\t<\/a>\n\t\t\t\t<\/div>\n\t\t\t\t<div class=\"news_text\">\n\t\t\t\t\t<span class=\"news_date\"><em>25<\/em> Sep.<\/span>\n\t\t\t\t\t<h3>Starker Start in Richtung 2026<\/h3>\n\t\t\t\t\t<article>\n\t\t\t\t\t\t<p>Wir blicken nicht nur nach vorn, sondern genie\u00dfen auch die ...<\/p>\n\t\t\t\t\t<\/article>\n\t\t\t\t\t<div class=\"site_btn\">\n\t\t\t\t\t\t<a href=\"https:\/\/vwtuinplanten.nl\/de\/blog\/news\/sterke-start-richting-2026\/\">Weiterlesen<\/a>\n\t\t\t\t\t\t<input type=\"hidden\" name=\"test\" value=\"de\">\n\t\t\t\t\t<\/div>\n\t\t\t\t<\/div>\n\t\t\t<\/div>\n\t\t\t\n\t\t\t<div class=\"news_grid\">\n\t\t\t\t<div class=\"news_img\">\n\t\t\t\t\t<a href=\"https:\/\/vwtuinplanten.nl\/de\/blog\/news\/doorkijkje-naar-2026\/\">\n\t\t\t\t\t\t<img decoding=\"async\" src=\"https:\/\/vwtuinplanten.nl\/wp-content\/uploads\/2025\/09\/doorkijkje-2026.jpg\" alt=\"Ausblick auf 2026\" \/>\n\t\t\t\t\t<\/a>\n\t\t\t\t<\/div>\n\t\t\t\t<div class=\"news_text\">\n\t\t\t\t\t<span class=\"news_date\"><em>11<\/em> Sep.<\/span>\n\t\t\t\t\t<h3>Ausblick auf 2026<\/h3>\n\t\t\t\t\t<article>\n\t\t\t\t\t\t<p>Bei Van Woudenberg Tuinplanten richten wir den Blick immer n...<\/p>\n\t\t\t\t\t<\/article>\n\t\t\t\t\t<div class=\"site_btn\">\n\t\t\t\t\t\t<a href=\"https:\/\/vwtuinplanten.nl\/de\/blog\/news\/doorkijkje-naar-2026\/\">Weiterlesen<\/a>\n\t\t\t\t\t\t<input type=\"hidden\" name=\"test\" value=\"de\">\n\t\t\t\t\t<\/div>\n\t\t\t\t<\/div>\n\t\t\t<\/div>\n\t\t\t\n\t\t\t<div class=\"news_grid\">\n\t\t\t\t<div class=\"news_img\">\n\t\t\t\t\t<a href=\"https:\/\/vwtuinplanten.nl\/de\/blog\/news\/klaar-voor-week-37\/\">\n\t\t\t\t\t\t<img decoding=\"async\" src=\"https:\/\/vwtuinplanten.nl\/wp-content\/uploads\/2025\/09\/Afbeelding2-688x1024.jpg\" alt=\"Bereit f\u00fcr Woche 37\" \/>\n\t\t\t\t\t<\/a>\n\t\t\t\t<\/div>\n\t\t\t\t<div class=\"news_text\">\n\t\t\t\t\t<span class=\"news_date\"><em>09<\/em> Sep.<\/span>\n\t\t\t\t\t<h3>Bereit f\u00fcr Woche 37<\/h3>\n\t\t\t\t\t<article>\n\t\t\t\t\t\t<p>Bei Van Woudenberg Tuinplanten dreht sich jede Woche alles u...<\/p>\n\t\t\t\t\t<\/article>\n\t\t\t\t\t<div class=\"site_btn\">\n\t\t\t\t\t\t<a href=\"https:\/\/vwtuinplanten.nl\/de\/blog\/news\/klaar-voor-week-37\/\">Weiterlesen<\/a>\n\t\t\t\t\t\t<input type=\"hidden\" name=\"test\" value=\"de\">\n\t\t\t\t\t<\/div>\n\t\t\t\t<\/div>\n\t\t\t<\/div>\n\t\t\t\n\t\t\t<div class=\"news_grid\">\n\t\t\t\t<div class=\"news_img\">\n\t\t\t\t\t<a href=\"https:\/\/vwtuinplanten.nl\/de\/blog\/news\/ga-mee-op-videotour\/\">\n\t\t\t\t\t\t<img decoding=\"async\" src=\"https:\/\/vwtuinplanten.nl\/wp-content\/uploads\/2025\/09\/show-wk-36-1024x626.jpg\" alt=\"Auf Videotour\" \/>\n\t\t\t\t\t<\/a>\n\t\t\t\t<\/div>\n\t\t\t\t<div class=\"news_text\">\n\t\t\t\t\t<span class=\"news_date\"><em>05<\/em> Sep.<\/span>\n\t\t\t\t\t<h3>Auf Videotour<\/h3>\n\t\t\t\t\t<article>\n\t\t\t\t\t\t<p>Letzte Woche haben wir mehrere Partner in unserer G\u00e4rtnerei...<\/p>\n\t\t\t\t\t<\/article>\n\t\t\t\t\t<div class=\"site_btn\">\n\t\t\t\t\t\t<a href=\"https:\/\/vwtuinplanten.nl\/de\/blog\/news\/ga-mee-op-videotour\/\">Weiterlesen<\/a>\n\t\t\t\t\t\t<input type=\"hidden\" name=\"test\" value=\"de\">\n\t\t\t\t\t<\/div>\n\t\t\t\t<\/div>\n\t\t\t<\/div>\n\t\t\t\n\t\t\t<div class=\"news_grid\">\n\t\t\t\t<div class=\"news_img\">\n\t\t\t\t\t<a href=\"https:\/\/vwtuinplanten.nl\/de\/blog\/news\/na-zomeren-bij-van-woudenberg-tuinplanten\/\">\n\t\t\t\t\t\t<img decoding=\"async\" src=\"https:\/\/vwtuinplanten.nl\/wp-content\/uploads\/2025\/08\/Rick-op-de-bakfiets.jpg\" alt=\"Sp\u00e4tsommer bei Van Woudenberg Tuinplanten\" \/>\n\t\t\t\t\t<\/a>\n\t\t\t\t<\/div>\n\t\t\t\t<div class=\"news_text\">\n\t\t\t\t\t<span class=\"news_date\"><em>27<\/em> Aug.<\/span>\n\t\t\t\t\t<h3>Sp\u00e4tsommer bei Van Woudenberg Tuinplanten<\/h3>\n\t\t\t\t\t<article>\n\t\t\t\t\t\t<p>Bei Van Woudenberg Tuinplanten haben wir nicht stillgestande...<\/p>\n\t\t\t\t\t<\/article>\n\t\t\t\t\t<div class=\"site_btn\">\n\t\t\t\t\t\t<a href=\"https:\/\/vwtuinplanten.nl\/de\/blog\/news\/na-zomeren-bij-van-woudenberg-tuinplanten\/\">Weiterlesen<\/a>\n\t\t\t\t\t\t<input type=\"hidden\" name=\"test\" value=\"de\">\n\t\t\t\t\t<\/div>\n\t\t\t\t<\/div>\n\t\t\t<\/div>\n\t\t\t\n\t\t\t<div class=\"news_grid\">\n\t\t\t\t<div class=\"news_img\">\n\t\t\t\t\t<a href=\"https:\/\/vwtuinplanten.nl\/de\/blog\/news\/stevig-stekelig-en-stralend\/\">\n\t\t\t\t\t\t<img decoding=\"async\" src=\"https:\/\/vwtuinplanten.nl\/wp-content\/uploads\/2025\/07\/Echinea.jpg\" alt=\"Kr\u00e4ftig, stachelig und strahlend sch\u00f6n!\" \/>\n\t\t\t\t\t<\/a>\n\t\t\t\t<\/div>\n\t\t\t\t<div class=\"news_text\">\n\t\t\t\t\t<span class=\"news_date\"><em>24<\/em> Juli<\/span>\n\t\t\t\t\t<h3>Kr\u00e4ftig, stachelig und strahlend sch\u00f6n!<\/h3>\n\t\t\t\t\t<article>\n\t\t\t\t\t\t<p>Sie sind wieder da\u2026 die wundersch\u00f6nen Echinacea!\r\nJeden S...<\/p>\n\t\t\t\t\t<\/article>\n\t\t\t\t\t<div class=\"site_btn\">\n\t\t\t\t\t\t<a href=\"https:\/\/vwtuinplanten.nl\/de\/blog\/news\/stevig-stekelig-en-stralend\/\">Weiterlesen<\/a>\n\t\t\t\t\t\t<input type=\"hidden\" name=\"test\" value=\"de\">\n\t\t\t\t\t<\/div>\n\t\t\t\t<\/div>\n\t\t\t<\/div>\n\t\t\t\n\t\t\t<div class=\"news_grid\">\n\t\t\t\t<div class=\"news_img\">\n\t\t\t\t\t<a href=\"https:\/\/vwtuinplanten.nl\/de\/blog\/news\/terugblik-op-een-week-vol-power\/\">\n\t\t\t\t\t\t<img decoding=\"async\" src=\"https:\/\/vwtuinplanten.nl\/wp-content\/uploads\/2025\/07\/van-seizoen-naar-seizoen-1024x683.jpg\" alt=\"R\u00fcckblick auf eine Woche voller Power!\" \/>\n\t\t\t\t\t<\/a>\n\t\t\t\t<\/div>\n\t\t\t\t<div class=\"news_text\">\n\t\t\t\t\t<span class=\"news_date\"><em>18<\/em> Juli<\/span>\n\t\t\t\t\t<h3>R\u00fcckblick auf eine Woche voller Power!<\/h3>\n\t\t\t\t\t<article>\n\t\t\t\t\t\t<p>Letzte Woche stand ganz im Zeichen von Auslieferung, Vorbere...<\/p>\n\t\t\t\t\t<\/article>\n\t\t\t\t\t<div class=\"site_btn\">\n\t\t\t\t\t\t<a href=\"https:\/\/vwtuinplanten.nl\/de\/blog\/news\/terugblik-op-een-week-vol-power\/\">Weiterlesen<\/a>\n\t\t\t\t\t\t<input type=\"hidden\" name=\"test\" value=\"de\">\n\t\t\t\t\t<\/div>\n\t\t\t\t<\/div>\n\t\t\t<\/div>\n\t\t\t\n\t\t\t<div class=\"news_grid\">\n\t\t\t\t<div class=\"news_img\">\n\t\t\t\t\t<a href=\"https:\/\/vwtuinplanten.nl\/de\/blog\/news\/the-place-to-bee-voor-mens-en-natuur\/\">\n\t\t\t\t\t\t<img decoding=\"async\" src=\"https:\/\/vwtuinplanten.nl\/wp-content\/uploads\/2025\/07\/place-to-bee-1024x491.jpg\" alt=\"The Place to BE F\u00fcr Mensch und Natur\" \/>\n\t\t\t\t\t<\/a>\n\t\t\t\t<\/div>\n\t\t\t\t<div class=\"news_text\">\n\t\t\t\t\t<span class=\"news_date\"><em>11<\/em> Juli<\/span>\n\t\t\t\t\t<h3>The Place to BE F\u00fcr Mensch und Natur<\/h3>\n\t\t\t\t\t<article>\n\t\t\t\t\t\t<p>Wir k\u00f6nnen es jetzt schon sagen, 2026 wird ein gro\u00dfartiges...<\/p>\n\t\t\t\t\t<\/article>\n\t\t\t\t\t<div class=\"site_btn\">\n\t\t\t\t\t\t<a href=\"https:\/\/vwtuinplanten.nl\/de\/blog\/news\/the-place-to-bee-voor-mens-en-natuur\/\">Weiterlesen<\/a>\n\t\t\t\t\t\t<input type=\"hidden\" name=\"test\" value=\"de\">\n\t\t\t\t\t<\/div>\n\t\t\t\t<\/div>\n\t\t\t<\/div>\n\t\t\t\n\t\t\t<div class=\"news_grid\">\n\t\t\t\t<div class=\"news_img\">\n\t\t\t\t\t<a href=\"https:\/\/vwtuinplanten.nl\/de\/blog\/news\/dreameria-de-zomerster-met-kracht\/\">\n\t\t\t\t\t\t<img decoding=\"async\" src=\"https:\/\/vwtuinplanten.nl\/wp-content\/uploads\/2025\/07\/Dreameria.jpg\" alt=\"Der Sommerstar mit Power!\" \/>\n\t\t\t\t\t<\/a>\n\t\t\t\t<\/div>\n\t\t\t\t<div class=\"news_text\">\n\t\t\t\t\t<span class=\"news_date\"><em>05<\/em> Juli<\/span>\n\t\t\t\t\t<h3>Der Sommerstar mit Power!<\/h3>\n\t\t\t\t\t<article>\n\t\t\t\t\t\t<p>Sommerstark & einsatzbereit das ist unsere Dreameria!Wer den...<\/p>\n\t\t\t\t\t<\/article>\n\t\t\t\t\t<div class=\"site_btn\">\n\t\t\t\t\t\t<a href=\"https:\/\/vwtuinplanten.nl\/de\/blog\/news\/dreameria-de-zomerster-met-kracht\/\">Weiterlesen<\/a>\n\t\t\t\t\t\t<input type=\"hidden\" name=\"test\" value=\"de\">\n\t\t\t\t\t<\/div>\n\t\t\t\t<\/div>\n\t\t\t<\/div>\n\t\t\t\n\t\t\t<div class=\"news_grid\">\n\t\t\t\t<div class=\"news_img\">\n\t\t\t\t\t<a href=\"https:\/\/vwtuinplanten.nl\/de\/blog\/news\/groei-zorg-en-trots\/\">\n\t\t\t\t\t\t<img decoding=\"async\" src=\"https:\/\/vwtuinplanten.nl\/wp-content\/uploads\/2025\/06\/torenvalk-921x1024.jpg\" alt=\"Wachstum, Sorgfalt und Stolz!\" \/>\n\t\t\t\t\t<\/a>\n\t\t\t\t<\/div>\n\t\t\t\t<div class=\"news_text\">\n\t\t\t\t\t<span class=\"news_date\"><em>26<\/em> Juni<\/span>\n\t\t\t\t\t<h3>Wachstum, Sorgfalt und Stolz!<\/h3>\n\t\t\t\t\t<article>\n\t\t\t\t\t\t<p>Auf unserer G\u00e4rtnerei an der Knibbelweg geschieht mehr als ...<\/p>\n\t\t\t\t\t<\/article>\n\t\t\t\t\t<div class=\"site_btn\">\n\t\t\t\t\t\t<a href=\"https:\/\/vwtuinplanten.nl\/de\/blog\/news\/groei-zorg-en-trots\/\">Weiterlesen<\/a>\n\t\t\t\t\t\t<input type=\"hidden\" name=\"test\" value=\"de\">\n\t\t\t\t\t<\/div>\n\t\t\t\t<\/div>\n\t\t\t<\/div>\n\t\t\t\n\t\t\t<div class=\"news_grid\">\n\t\t\t\t<div class=\"news_img\">\n\t\t\t\t\t<a href=\"https:\/\/vwtuinplanten.nl\/de\/blog\/news\/show-week-25-dubbele-spotlight\/\">\n\t\t\t\t\t\t<img decoding=\"async\" src=\"https:\/\/vwtuinplanten.nl\/wp-content\/uploads\/2025\/06\/dubbele-spotlight-1024x834.jpg\" alt=\"Show Woche 25 Doppelt im Rampenlicht\" \/>\n\t\t\t\t\t<\/a>\n\t\t\t\t<\/div>\n\t\t\t\t<div class=\"news_text\">\n\t\t\t\t\t<span class=\"news_date\"><em>20<\/em> Juni<\/span>\n\t\t\t\t\t<h3>Show Woche 25 Doppelt im Rampenlicht<\/h3>\n\t\t\t\t\t<article>\n\t\t\t\t\t\t<p>In dieser Woche stellen wir mit Stolz unser Stauden Sortimen...<\/p>\n\t\t\t\t\t<\/article>\n\t\t\t\t\t<div class=\"site_btn\">\n\t\t\t\t\t\t<a href=\"https:\/\/vwtuinplanten.nl\/de\/blog\/news\/show-week-25-dubbele-spotlight\/\">Weiterlesen<\/a>\n\t\t\t\t\t\t<input type=\"hidden\" name=\"test\" value=\"de\">\n\t\t\t\t\t<\/div>\n\t\t\t\t<\/div>\n\t\t\t<\/div>\n\t\t\t\n\t\t\t<div class=\"news_grid\">\n\t\t\t\t<div class=\"news_img\">\n\t\t\t\t\t<a href=\"https:\/\/vwtuinplanten.nl\/de\/blog\/news\/show-van-week-24\/\">\n\t\t\t\t\t\t<img decoding=\"async\" src=\"https:\/\/vwtuinplanten.nl\/wp-content\/uploads\/2025\/06\/show-week-24-1024x855.jpg\" alt=\"Show Woche 24\" \/>\n\t\t\t\t\t<\/a>\n\t\t\t\t<\/div>\n\t\t\t\t<div class=\"news_text\">\n\t\t\t\t\t<span class=\"news_date\"><em>13<\/em> Juni<\/span>\n\t\t\t\t\t<h3>Show Woche 24<\/h3>\n\t\t\t\t\t<article>\n\t\t\t\t\t\t<p>Wir haben es letzte Woche schon gesagt\u2026Mit Stauden zu arbe...<\/p>\n\t\t\t\t\t<\/article>\n\t\t\t\t\t<div class=\"site_btn\">\n\t\t\t\t\t\t<a href=\"https:\/\/vwtuinplanten.nl\/de\/blog\/news\/show-van-week-24\/\">Weiterlesen<\/a>\n\t\t\t\t\t\t<input type=\"hidden\" name=\"test\" value=\"de\">\n\t\t\t\t\t<\/div>\n\t\t\t\t<\/div>\n\t\t\t<\/div>\n\t\t\t\n\t\t\t<div class=\"news_grid\">\n\t\t\t\t<div class=\"news_img\">\n\t\t\t\t\t<a href=\"https:\/\/vwtuinplanten.nl\/de\/blog\/news\/show-van-week-23\/\">\n\t\t\t\t\t\t<img decoding=\"async\" src=\"https:\/\/vwtuinplanten.nl\/wp-content\/uploads\/2025\/06\/vaste-plantenshow-2025-1024x721.jpg\" alt=\"Woche 23 Pflanzenshow\" \/>\n\t\t\t\t\t<\/a>\n\t\t\t\t<\/div>\n\t\t\t\t<div class=\"news_text\">\n\t\t\t\t\t<span class=\"news_date\"><em>06<\/em> Juni<\/span>\n\t\t\t\t\t<h3>Woche 23 Pflanzenshow<\/h3>\n\t\t\t\t\t<article>\n\t\t\t\t\t\t<p>Bei Van Woudenberg geht es nicht nur um Pflanzen.Es geht um ...<\/p>\n\t\t\t\t\t<\/article>\n\t\t\t\t\t<div class=\"site_btn\">\n\t\t\t\t\t\t<a href=\"https:\/\/vwtuinplanten.nl\/de\/blog\/news\/show-van-week-23\/\">Weiterlesen<\/a>\n\t\t\t\t\t\t<input type=\"hidden\" name=\"test\" value=\"de\">\n\t\t\t\t\t<\/div>\n\t\t\t\t<\/div>\n\t\t\t<\/div>\n\t\t\t\n\t\t\t<div class=\"news_grid\">\n\t\t\t\t<div class=\"news_img\">\n\t\t\t\t\t<a href=\"https:\/\/vwtuinplanten.nl\/de\/blog\/news\/familiegevoel-zit-in-ons-dna\/\">\n\t\t\t\t\t\t<img decoding=\"async\" src=\"https:\/\/vwtuinplanten.nl\/wp-content\/uploads\/2025\/05\/Rick-Jarig.jpg\" alt=\"Familiengef\u00fchl liegt in unserer DNA\" \/>\n\t\t\t\t\t<\/a>\n\t\t\t\t<\/div>\n\t\t\t\t<div class=\"news_text\">\n\t\t\t\t\t<span class=\"news_date\"><em>30<\/em> Mai<\/span>\n\t\t\t\t\t<h3>Familiengef\u00fchl liegt in unserer DNA<\/h3>\n\t\t\t\t\t<article>\n\t\t\t\t\t\t<p>Als echtes Familienunternehmen feiern wir bei Van Woudenberg...<\/p>\n\t\t\t\t\t<\/article>\n\t\t\t\t\t<div class=\"site_btn\">\n\t\t\t\t\t\t<a href=\"https:\/\/vwtuinplanten.nl\/de\/blog\/news\/familiegevoel-zit-in-ons-dna\/\">Weiterlesen<\/a>\n\t\t\t\t\t\t<input type=\"hidden\" name=\"test\" value=\"de\">\n\t\t\t\t\t<\/div>\n\t\t\t\t<\/div>\n\t\t\t<\/div>\n\t\t\t\n\t\t\t<div class=\"news_grid\">\n\t\t\t\t<div class=\"news_img\">\n\t\t\t\t\t<a href=\"https:\/\/vwtuinplanten.nl\/de\/blog\/news\/internationale-waardering-bij-van-woudenberg-tuinplanten\/\">\n\t\t\t\t\t\t<img decoding=\"async\" src=\"https:\/\/vwtuinplanten.nl\/wp-content\/uploads\/2025\/05\/Bezoek.jpg\" alt=\"Internationale Wertsch\u00e4tzung bei Van Woudenberg Tuinplanten\" \/>\n\t\t\t\t\t<\/a>\n\t\t\t\t<\/div>\n\t\t\t\t<div class=\"news_text\">\n\t\t\t\t\t<span class=\"news_date\"><em>20<\/em> Mai<\/span>\n\t\t\t\t\t<h3>Internationale Wertsch\u00e4tzung bei Van Woudenberg Tuinplanten<\/h3>\n\t\t\t\t\t<article>\n\t\t\t\t\t\t<p>Was f\u00fcr eine gro\u00dfartige Woche!\r\nWir haben eine inspirieren...<\/p>\n\t\t\t\t\t<\/article>\n\t\t\t\t\t<div class=\"site_btn\">\n\t\t\t\t\t\t<a href=\"https:\/\/vwtuinplanten.nl\/de\/blog\/news\/internationale-waardering-bij-van-woudenberg-tuinplanten\/\">Weiterlesen<\/a>\n\t\t\t\t\t\t<input type=\"hidden\" name=\"test\" value=\"de\">\n\t\t\t\t\t<\/div>\n\t\t\t\t<\/div>\n\t\t\t<\/div>\n\t\t\t\n\t\t\t<div class=\"news_grid\">\n\t\t\t\t<div class=\"news_img\">\n\t\t\t\t\t<a href=\"https:\/\/vwtuinplanten.nl\/de\/blog\/news\/een-kleurrijke-ontvangst-bij-van-woudenberg\/\">\n\t\t\t\t\t\t<img decoding=\"async\" src=\"https:\/\/vwtuinplanten.nl\/wp-content\/uploads\/2025\/05\/Planten-show-1024x680.jpg\" alt=\"Ein farbenfroher Empfang bei Van Woudenberg\" \/>\n\t\t\t\t\t<\/a>\n\t\t\t\t<\/div>\n\t\t\t\t<div class=\"news_text\">\n\t\t\t\t\t<span class=\"news_date\"><em>15<\/em> Mai<\/span>\n\t\t\t\t\t<h3>Ein farbenfroher Empfang bei Van Woudenberg<\/h3>\n\t\t\t\t\t<article>\n\t\t\t\t\t\t<p>In dieser Woche hei\u00dfen wir erneut einige unserer gesch\u00e4tzt...<\/p>\n\t\t\t\t\t<\/article>\n\t\t\t\t\t<div class=\"site_btn\">\n\t\t\t\t\t\t<a href=\"https:\/\/vwtuinplanten.nl\/de\/blog\/news\/een-kleurrijke-ontvangst-bij-van-woudenberg\/\">Weiterlesen<\/a>\n\t\t\t\t\t\t<input type=\"hidden\" name=\"test\" value=\"de\">\n\t\t\t\t\t<\/div>\n\t\t\t\t<\/div>\n\t\t\t<\/div>\n\t\t\t\n\t\t\t<div class=\"news_grid\">\n\t\t\t\t<div class=\"news_img\">\n\t\t\t\t\t<a href=\"https:\/\/vwtuinplanten.nl\/de\/blog\/news\/een-terugblik-bij-van-woudenberg-tuinplanten\/\">\n\t\t\t\t\t\t<img decoding=\"async\" src=\"https:\/\/vwtuinplanten.nl\/wp-content\/uploads\/2025\/05\/koningsdag-1024x898.jpg\" alt=\"Ein R\u00fcckblick bei Van Woudenberg Tuinplanten\" \/>\n\t\t\t\t\t<\/a>\n\t\t\t\t<\/div>\n\t\t\t\t<div class=\"news_text\">\n\t\t\t\t\t<span class=\"news_date\"><em>09<\/em> Mai<\/span>\n\t\t\t\t\t<h3>Ein R\u00fcckblick bei Van Woudenberg Tuinplanten<\/h3>\n\t\t\t\t\t<article>\n\t\t\t\t\t\t<p>Vor einer Woche wurde bei Van Woudenberg doppelt gefeiert!Ne...<\/p>\n\t\t\t\t\t<\/article>\n\t\t\t\t\t<div class=\"site_btn\">\n\t\t\t\t\t\t<a href=\"https:\/\/vwtuinplanten.nl\/de\/blog\/news\/een-terugblik-bij-van-woudenberg-tuinplanten\/\">Weiterlesen<\/a>\n\t\t\t\t\t\t<input type=\"hidden\" name=\"test\" value=\"de\">\n\t\t\t\t\t<\/div>\n\t\t\t\t<\/div>\n\t\t\t<\/div>\n\t\t\t\n\t\t\t<div class=\"news_grid\">\n\t\t\t\t<div class=\"news_img\">\n\t\t\t\t\t<a href=\"https:\/\/vwtuinplanten.nl\/de\/blog\/news\/kom-sfeer-proeven\/\">\n\t\t\t\t\t\t<img decoding=\"async\" src=\"https:\/\/vwtuinplanten.nl\/wp-content\/uploads\/2025\/05\/Vaste-plantenshow-2025-1024x667.jpg\" alt=\"Kommen Sie und erleben Sie die Atmosph\u00e4re!\" \/>\n\t\t\t\t\t<\/a>\n\t\t\t\t<\/div>\n\t\t\t\t<div class=\"news_text\">\n\t\t\t\t\t<span class=\"news_date\"><em>07<\/em> Mai<\/span>\n\t\t\t\t\t<h3>Kommen Sie und erleben Sie die Atmosph\u00e4re!<\/h3>\n\t\t\t\t\t<article>\n\t\t\t\t\t\t<p>Ein Fest f\u00fcr die Augen!An der Knibbelweg steht unsere G\u00e4rt...<\/p>\n\t\t\t\t\t<\/article>\n\t\t\t\t\t<div class=\"site_btn\">\n\t\t\t\t\t\t<a href=\"https:\/\/vwtuinplanten.nl\/de\/blog\/news\/kom-sfeer-proeven\/\">Weiterlesen<\/a>\n\t\t\t\t\t\t<input type=\"hidden\" name=\"test\" value=\"de\">\n\t\t\t\t\t<\/div>\n\t\t\t\t<\/div>\n\t\t\t<\/div>\n\t\t\t\n\t\t\t<div class=\"news_grid\">\n\t\t\t\t<div class=\"news_img\">\n\t\t\t\t\t<a href=\"https:\/\/vwtuinplanten.nl\/de\/blog\/news\/secretaresse-dag-2025-een-moment-van-waardering-voor-ons-geweldige-team\/\">\n\t\t\t\t\t\t<img decoding=\"async\" src=\"https:\/\/vwtuinplanten.nl\/wp-content\/uploads\/2025\/04\/secretaressendag-2025.jpg\" alt=\"Sekret\u00e4rinnentag 2025 Ein Moment der Wertsch\u00e4tzung f\u00fcr unser gro\u00dfartiges Team!\" \/>\n\t\t\t\t\t<\/a>\n\t\t\t\t<\/div>\n\t\t\t\t<div class=\"news_text\">\n\t\t\t\t\t<span class=\"news_date\"><em>25<\/em> Apr.<\/span>\n\t\t\t\t\t<h3>Sekret\u00e4rinnentag 2025 Ein Moment der Wertsch\u00e4tzung f\u00fcr unser gro\u00dfartiges Team!<\/h3>\n\t\t\t\t\t<article>\n\t\t\t\t\t\t<p>Am Donnerstag, den 17. April 2025, feierten wir den Sekret\u00e4...<\/p>\n\t\t\t\t\t<\/article>\n\t\t\t\t\t<div class=\"site_btn\">\n\t\t\t\t\t\t<a href=\"https:\/\/vwtuinplanten.nl\/de\/blog\/news\/secretaresse-dag-2025-een-moment-van-waardering-voor-ons-geweldige-team\/\">Weiterlesen<\/a>\n\t\t\t\t\t\t<input type=\"hidden\" name=\"test\" value=\"de\">\n\t\t\t\t\t<\/div>\n\t\t\t\t<\/div>\n\t\t\t<\/div>\n\t\t\t\n\t\t\t<div class=\"news_grid\">\n\t\t\t\t<div class=\"news_img\">\n\t\t\t\t\t<a href=\"https:\/\/vwtuinplanten.nl\/de\/blog\/news\/de-plus-planten-zijn-er-in-plus-kwaliteit\/\">\n\t\t\t\t\t\t<img decoding=\"async\" src=\"https:\/\/vwtuinplanten.nl\/wp-content\/uploads\/2025\/04\/Plantjesplezier-overvieuw-1024x668.jpg\" alt=\"Die Plus-Pflanzen sind da, in Plus-Qualit\u00e4t!\" \/>\n\t\t\t\t\t<\/a>\n\t\t\t\t<\/div>\n\t\t\t\t<div class=\"news_text\">\n\t\t\t\t\t<span class=\"news_date\"><em>23<\/em> Apr.<\/span>\n\t\t\t\t\t<h3>Die Plus-Pflanzen sind da, in Plus-Qualit\u00e4t!<\/h3>\n\t\t\t\t\t<article>\n\t\t\t\t\t\t<p>Und sie sind wundersch\u00f6n geworden!Dank der Sorgfalt und Hin...<\/p>\n\t\t\t\t\t<\/article>\n\t\t\t\t\t<div class=\"site_btn\">\n\t\t\t\t\t\t<a href=\"https:\/\/vwtuinplanten.nl\/de\/blog\/news\/de-plus-planten-zijn-er-in-plus-kwaliteit\/\">Weiterlesen<\/a>\n\t\t\t\t\t\t<input type=\"hidden\" name=\"test\" value=\"de\">\n\t\t\t\t\t<\/div>\n\t\t\t\t<\/div>\n\t\t\t<\/div>\n\t\t\t\n\t\t\t<div class=\"news_grid\">\n\t\t\t\t<div class=\"news_img\">\n\t\t\t\t\t<a href=\"https:\/\/vwtuinplanten.nl\/de\/blog\/news\/hosta-in-topkwaliteit\/\">\n\t\t\t\t\t\t<img decoding=\"async\" src=\"https:\/\/vwtuinplanten.nl\/wp-content\/uploads\/2025\/04\/Hosta\u00b4s-2025.jpg\" alt=\"Hosta in Spitzenqualit\u00e4t\" \/>\n\t\t\t\t\t<\/a>\n\t\t\t\t<\/div>\n\t\t\t\t<div class=\"news_text\">\n\t\t\t\t\t<span class=\"news_date\"><em>11<\/em> Apr.<\/span>\n\t\t\t\t\t<h3>Hosta in Spitzenqualit\u00e4t<\/h3>\n\t\t\t\t\t<article>\n\t\t\t\t\t\t<p>\r\n\r\n\r\n\r\n\r\n\r\n\r\n\r\n\r\nUnser Gartenbaubetrieb bl\u00fcht in voller Pr...<\/p>\n\t\t\t\t\t<\/article>\n\t\t\t\t\t<div class=\"site_btn\">\n\t\t\t\t\t\t<a href=\"https:\/\/vwtuinplanten.nl\/de\/blog\/news\/hosta-in-topkwaliteit\/\">Weiterlesen<\/a>\n\t\t\t\t\t\t<input type=\"hidden\" name=\"test\" value=\"de\">\n\t\t\t\t\t<\/div>\n\t\t\t\t<\/div>\n\t\t\t<\/div>\n\t\t\t\n\t\t\t<div class=\"news_grid\">\n\t\t\t\t<div class=\"news_img\">\n\t\t\t\t\t<a href=\"https:\/\/vwtuinplanten.nl\/de\/blog\/news\/het-voorjaar-is-in-volle-bloei-tijd-voor-vaste-planten\/\">\n\t\t\t\t\t\t<img decoding=\"async\" src=\"https:\/\/vwtuinplanten.nl\/wp-content\/uploads\/2025\/04\/voorjaar-2025.jpg\" alt=\"Der Fr\u00fchling ist in voller Bl\u00fcte \u2013 Zeit f\u00fcr Stauden!\" \/>\n\t\t\t\t\t<\/a>\n\t\t\t\t<\/div>\n\t\t\t\t<div class=\"news_text\">\n\t\t\t\t\t<span class=\"news_date\"><em>04<\/em> Apr.<\/span>\n\t\t\t\t\t<h3>Der Fr\u00fchling ist in voller Bl\u00fcte \u2013 Zeit f\u00fcr Stauden!<\/h3>\n\t\t\t\t\t<article>\n\t\t\t\t\t\t<p>Die Natur erwacht, und unsere Stauden stehen in voller Prach...<\/p>\n\t\t\t\t\t<\/article>\n\t\t\t\t\t<div class=\"site_btn\">\n\t\t\t\t\t\t<a href=\"https:\/\/vwtuinplanten.nl\/de\/blog\/news\/het-voorjaar-is-in-volle-bloei-tijd-voor-vaste-planten\/\">Weiterlesen<\/a>\n\t\t\t\t\t\t<input type=\"hidden\" name=\"test\" value=\"de\">\n\t\t\t\t\t<\/div>\n\t\t\t\t<\/div>\n\t\t\t<\/div>\n\t\t\t\n\t\t\t<div class=\"news_grid\">\n\t\t\t\t<div class=\"news_img\">\n\t\t\t\t\t<a href=\"https:\/\/vwtuinplanten.nl\/de\/blog\/news\/een-miljoen-planten-voor-plantjesplezier\/\">\n\t\t\t\t\t\t<img decoding=\"async\" src=\"https:\/\/vwtuinplanten.nl\/wp-content\/uploads\/2025\/03\/plantjesplezier-2025.jpg\" alt=\"Eine Million Pflanzen f\u00fcr Pflanzenfreude!\" \/>\n\t\t\t\t\t<\/a>\n\t\t\t\t<\/div>\n\t\t\t\t<div class=\"news_text\">\n\t\t\t\t\t<span class=\"news_date\"><em>20<\/em> M\u00e4rz<\/span>\n\t\t\t\t\t<h3>Eine Million Pflanzen f\u00fcr Pflanzenfreude!<\/h3>\n\t\t\t\t\t<article>\n\t\t\t\t\t\t<p>In unserer G\u00e4rtnerei passiert etwas Besonderes: eine Millio...<\/p>\n\t\t\t\t\t<\/article>\n\t\t\t\t\t<div class=\"site_btn\">\n\t\t\t\t\t\t<a href=\"https:\/\/vwtuinplanten.nl\/de\/blog\/news\/een-miljoen-planten-voor-plantjesplezier\/\">Weiterlesen<\/a>\n\t\t\t\t\t\t<input type=\"hidden\" name=\"test\" value=\"de\">\n\t\t\t\t\t<\/div>\n\t\t\t\t<\/div>\n\t\t\t<\/div>\n\t\t\t\n\t\t\t<div class=\"news_grid\">\n\t\t\t\t<div class=\"news_img\">\n\t\t\t\t\t<a href=\"https:\/\/vwtuinplanten.nl\/de\/blog\/news\/een-team-met-een-taak\/\">\n\t\t\t\t\t\t<img decoding=\"async\" src=\"https:\/\/vwtuinplanten.nl\/wp-content\/uploads\/2025\/03\/artikel-woudenberg.jpg\" alt=\"Artikel in Hart van Holland &#8211; Zuidplas\" \/>\n\t\t\t\t\t<\/a>\n\t\t\t\t<\/div>\n\t\t\t\t<div class=\"news_text\">\n\t\t\t\t\t<span class=\"news_date\"><em>17<\/em> M\u00e4rz<\/span>\n\t\t\t\t\t<h3>Artikel in Hart van Holland &#8211; Zuidplas<\/h3>\n\t\t\t\t\t<article>\n\t\t\t\t\t\t<p>In einem Interview mit Hart van Zuidplas spricht Rick van Wo...<\/p>\n\t\t\t\t\t<\/article>\n\t\t\t\t\t<div class=\"site_btn\">\n\t\t\t\t\t\t<a href=\"https:\/\/vwtuinplanten.nl\/de\/blog\/news\/een-team-met-een-taak\/\">Weiterlesen<\/a>\n\t\t\t\t\t\t<input type=\"hidden\" name=\"test\" value=\"de\">\n\t\t\t\t\t<\/div>\n\t\t\t\t<\/div>\n\t\t\t<\/div>\n\t\t\t\n\t\t\t<div class=\"news_grid\">\n\t\t\t\t<div class=\"news_img\">\n\t\t\t\t\t<a href=\"https:\/\/vwtuinplanten.nl\/de\/blog\/news\/sterke-vaste-planten-bestand-tegen-weer-en-wind\/\">\n\t\t\t\t\t\t<img decoding=\"async\" src=\"https:\/\/vwtuinplanten.nl\/wp-content\/uploads\/2025\/03\/PLanten-na-storm-m.jpg\" alt=\"Starke Stauden: Widerstandsf\u00e4hig gegen Wind und Wetter!\" \/>\n\t\t\t\t\t<\/a>\n\t\t\t\t<\/div>\n\t\t\t\t<div class=\"news_text\">\n\t\t\t\t\t<span class=\"news_date\"><em>11<\/em> M\u00e4rz<\/span>\n\t\t\t\t\t<h3>Starke Stauden: Widerstandsf\u00e4hig gegen Wind und Wetter!<\/h3>\n\t\t\t\t\t<article>\n\t\t\t\t\t\t<p>Das Wetter kann unberechenbar sein,\r\naber bei Van Woudenberg...<\/p>\n\t\t\t\t\t<\/article>\n\t\t\t\t\t<div class=\"site_btn\">\n\t\t\t\t\t\t<a href=\"https:\/\/vwtuinplanten.nl\/de\/blog\/news\/sterke-vaste-planten-bestand-tegen-weer-en-wind\/\">Weiterlesen<\/a>\n\t\t\t\t\t\t<input type=\"hidden\" name=\"test\" value=\"de\">\n\t\t\t\t\t<\/div>\n\t\t\t\t<\/div>\n\t\t\t<\/div>\n\t\t\t\n\t\t\t<div class=\"news_grid\">\n\t\t\t\t<div class=\"news_img\">\n\t\t\t\t\t<a href=\"https:\/\/vwtuinplanten.nl\/de\/blog\/news\/onze-vaste-planten-komen-tot-leven\/\">\n\t\t\t\t\t\t<img decoding=\"async\" src=\"https:\/\/vwtuinplanten.nl\/wp-content\/uploads\/2025\/03\/vaste-plantenshow-2025.jpg\" alt=\"Stauden erwachen zum Leben!\" \/>\n\t\t\t\t\t<\/a>\n\t\t\t\t<\/div>\n\t\t\t\t<div class=\"news_text\">\n\t\t\t\t\t<span class=\"news_date\"><em>07<\/em> M\u00e4rz<\/span>\n\t\t\t\t\t<h3>Stauden erwachen zum Leben!<\/h3>\n\t\t\t\t\t<article>\n\t\t\t\t\t\t<p>Nach ein paar sonnigen Tagen ist es endlich soweit, Unsere S...<\/p>\n\t\t\t\t\t<\/article>\n\t\t\t\t\t<div class=\"site_btn\">\n\t\t\t\t\t\t<a href=\"https:\/\/vwtuinplanten.nl\/de\/blog\/news\/onze-vaste-planten-komen-tot-leven\/\">Weiterlesen<\/a>\n\t\t\t\t\t\t<input type=\"hidden\" name=\"test\" value=\"de\">\n\t\t\t\t\t<\/div>\n\t\t\t\t<\/div>\n\t\t\t<\/div>\n\t\t\t\n\t\t\t<div class=\"news_grid\">\n\t\t\t\t<div class=\"news_img\">\n\t\t\t\t\t<a href=\"https:\/\/vwtuinplanten.nl\/de\/blog\/news\/klimaatverandering-in-portugal-wat-betekent-dit-voor-onze-vaste-planten\/\">\n\t\t\t\t\t\t<img decoding=\"async\" src=\"https:\/\/vwtuinplanten.nl\/wp-content\/uploads\/2025\/02\/Vaste-planten-Portugal.jpg\" alt=\"Klimawandel in Portugal: Was bedeutet das f\u00fcr unsere Stauden?\" \/>\n\t\t\t\t\t<\/a>\n\t\t\t\t<\/div>\n\t\t\t\t<div class=\"news_text\">\n\t\t\t\t\t<span class=\"news_date\"><em>26<\/em> Feb.<\/span>\n\t\t\t\t\t<h3>Klimawandel in Portugal: Was bedeutet das f\u00fcr unsere Stauden?<\/h3>\n\t\t\t\t\t<article>\n\t\t\t\t\t\t<p>Als G\u00e4rtner beobachten wir die Wetterbedingungen genau, den...<\/p>\n\t\t\t\t\t<\/article>\n\t\t\t\t\t<div class=\"site_btn\">\n\t\t\t\t\t\t<a href=\"https:\/\/vwtuinplanten.nl\/de\/blog\/news\/klimaatverandering-in-portugal-wat-betekent-dit-voor-onze-vaste-planten\/\">Weiterlesen<\/a>\n\t\t\t\t\t\t<input type=\"hidden\" name=\"test\" value=\"de\">\n\t\t\t\t\t<\/div>\n\t\t\t\t<\/div>\n\t\t\t<\/div>\n\t\t\t\n\t\t\t<div class=\"news_grid\">\n\t\t\t\t<div class=\"news_img\">\n\t\t\t\t\t<a href=\"https:\/\/vwtuinplanten.nl\/de\/blog\/news\/voorbereidingen-in-volle-gang\/\">\n\t\t\t\t\t\t<img decoding=\"async\" src=\"https:\/\/vwtuinplanten.nl\/wp-content\/uploads\/2025\/02\/Trtuck-Woudenberg.jpg\" alt=\"Vorbereitungen in vollem Gange\" \/>\n\t\t\t\t\t<\/a>\n\t\t\t\t<\/div>\n\t\t\t\t<div class=\"news_text\">\n\t\t\t\t\t<span class=\"news_date\"><em>18<\/em> Feb.<\/span>\n\t\t\t\t\t<h3>Vorbereitungen in vollem Gange<\/h3>\n\t\t\t\t\t<article>\n\t\t\t\t\t\t<p>Bei Kwekerij Van Woudenberg arbeiten wir mit Hochdruck an de...<\/p>\n\t\t\t\t\t<\/article>\n\t\t\t\t\t<div class=\"site_btn\">\n\t\t\t\t\t\t<a href=\"https:\/\/vwtuinplanten.nl\/de\/blog\/news\/voorbereidingen-in-volle-gang\/\">Weiterlesen<\/a>\n\t\t\t\t\t\t<input type=\"hidden\" name=\"test\" value=\"de\">\n\t\t\t\t\t<\/div>\n\t\t\t\t<\/div>\n\t\t\t<\/div>\n\t\t\t\n\t\t\t<div class=\"news_grid\">\n\t\t\t\t<div class=\"news_img\">\n\t\t\t\t\t<a href=\"https:\/\/vwtuinplanten.nl\/de\/blog\/news\/samen-groeien-samen-bloeien-een-echte-familieprestatie\/\">\n\t\t\t\t\t\t<img decoding=\"async\" src=\"https:\/\/vwtuinplanten.nl\/wp-content\/uploads\/2025\/02\/Oppotteams-Woudenberg-1024x596.jpg\" alt=\"Gemeinsam wachsen, gemeinsam bl\u00fchen: Eine echte Familienleistung!\" \/>\n\t\t\t\t\t<\/a>\n\t\t\t\t<\/div>\n\t\t\t\t<div class=\"news_text\">\n\t\t\t\t\t<span class=\"news_date\"><em>13<\/em> Feb.<\/span>\n\t\t\t\t\t<h3>Gemeinsam wachsen, gemeinsam bl\u00fchen: Eine echte Familienleistung!<\/h3>\n\t\t\t\t\t<article>\n\t\t\t\t\t\t<p>Bei Van Woudenberg Tuinplanten steht Zusammenarbeit an erste...<\/p>\n\t\t\t\t\t<\/article>\n\t\t\t\t\t<div class=\"site_btn\">\n\t\t\t\t\t\t<a href=\"https:\/\/vwtuinplanten.nl\/de\/blog\/news\/samen-groeien-samen-bloeien-een-echte-familieprestatie\/\">Weiterlesen<\/a>\n\t\t\t\t\t\t<input type=\"hidden\" name=\"test\" value=\"de\">\n\t\t\t\t\t<\/div>\n\t\t\t\t<\/div>\n\t\t\t<\/div>\n\t\t\t\n\t\t\t<div class=\"news_grid\">\n\t\t\t\t<div class=\"news_img\">\n\t\t\t\t\t<a href=\"https:\/\/vwtuinplanten.nl\/de\/blog\/news\/groeiseizoen-voorbereidingen-in-volle-gang\/\">\n\t\t\t\t\t\t<img decoding=\"async\" src=\"https:\/\/vwtuinplanten.nl\/wp-content\/uploads\/2025\/01\/Groeiseizoen-Portugal.jpg\" alt=\"Wachstumsperiode\" \/>\n\t\t\t\t\t<\/a>\n\t\t\t\t<\/div>\n\t\t\t\t<div class=\"news_text\">\n\t\t\t\t\t<span class=\"news_date\"><em>28<\/em> Jan.<\/span>\n\t\t\t\t\t<h3>Wachstumsperiode<\/h3>\n\t\t\t\t\t<article>\n\t\t\t\t\t\t<p>\u200bAuch wenn es Winter ist, sind wir bei Van Woudenberg Tuin...<\/p>\n\t\t\t\t\t<\/article>\n\t\t\t\t\t<div class=\"site_btn\">\n\t\t\t\t\t\t<a href=\"https:\/\/vwtuinplanten.nl\/de\/blog\/news\/groeiseizoen-voorbereidingen-in-volle-gang\/\">Weiterlesen<\/a>\n\t\t\t\t\t\t<input type=\"hidden\" name=\"test\" value=\"de\">\n\t\t\t\t\t<\/div>\n\t\t\t\t<\/div>\n\t\t\t<\/div>\n\t\t\t\n\t\t\t<div class=\"news_grid\">\n\t\t\t\t<div class=\"news_img\">\n\t\t\t\t\t<a href=\"https:\/\/vwtuinplanten.nl\/de\/blog\/news\/de-grote-tuinverbouwing\/\">\n\t\t\t\t\t\t<img decoding=\"async\" src=\"https:\/\/vwtuinplanten.nl\/wp-content\/uploads\/2025\/01\/Grote-tuinverbouwing-974x1024.jpg\" alt=\"Die gro\u00dfe Gartenumgestaltung\" \/>\n\t\t\t\t\t<\/a>\n\t\t\t\t<\/div>\n\t\t\t\t<div class=\"news_text\">\n\t\t\t\t\t<span class=\"news_date\"><em>21<\/em> Jan.<\/span>\n\t\t\t\t\t<h3>Die gro\u00dfe Gartenumgestaltung<\/h3>\n\t\t\t\t\t<article>\n\t\t\t\t\t\t<p>Mehr Farbe, Licht und W\u00e4rme im Garten von Nick und Linda!\r\n...<\/p>\n\t\t\t\t\t<\/article>\n\t\t\t\t\t<div class=\"site_btn\">\n\t\t\t\t\t\t<a href=\"https:\/\/vwtuinplanten.nl\/de\/blog\/news\/de-grote-tuinverbouwing\/\">Weiterlesen<\/a>\n\t\t\t\t\t\t<input type=\"hidden\" name=\"test\" value=\"de\">\n\t\t\t\t\t<\/div>\n\t\t\t\t<\/div>\n\t\t\t<\/div>\n\t\t\t\n\t\t\t<div class=\"news_grid\">\n\t\t\t\t<div class=\"news_img\">\n\t\t\t\t\t<a href=\"https:\/\/vwtuinplanten.nl\/de\/blog\/news\/krachtige-start-van-het-seizoen-in-portugal\/\">\n\t\t\t\t\t\t<img decoding=\"async\" src=\"https:\/\/vwtuinplanten.nl\/wp-content\/uploads\/2025\/01\/Babyplanten-Portugal.jpg\" alt=\"Starker Start in die Saison in Portugal\" \/>\n\t\t\t\t\t<\/a>\n\t\t\t\t<\/div>\n\t\t\t\t<div class=\"news_text\">\n\t\t\t\t\t<span class=\"news_date\"><em>16<\/em> Jan.<\/span>\n\t\t\t\t\t<h3>Starker Start in die Saison in Portugal<\/h3>\n\t\t\t\t\t<article>\n\t\t\t\t\t\t<p>Mehrere Lieferungen mit jungen Staudenpflanzen wurden k\u00fcrzl...<\/p>\n\t\t\t\t\t<\/article>\n\t\t\t\t\t<div class=\"site_btn\">\n\t\t\t\t\t\t<a href=\"https:\/\/vwtuinplanten.nl\/de\/blog\/news\/krachtige-start-van-het-seizoen-in-portugal\/\">Weiterlesen<\/a>\n\t\t\t\t\t\t<input type=\"hidden\" name=\"test\" value=\"de\">\n\t\t\t\t\t<\/div>\n\t\t\t\t<\/div>\n\t\t\t<\/div>\n\t\t\t\n\t\t\t<div class=\"news_grid\">\n\t\t\t\t<div class=\"news_img\">\n\t\t\t\t\t<a href=\"https:\/\/vwtuinplanten.nl\/de\/blog\/news\/in-2025-volop-genieten-van-jouw-kleurrijke-tuin\/\">\n\t\t\t\t\t\t<img decoding=\"async\" src=\"https:\/\/vwtuinplanten.nl\/wp-content\/uploads\/2025\/01\/tuin-vuurwerk-1024x606.jpg\" alt=\"2025: Genie\u00dfe einen farbenfrohen Garten!\" \/>\n\t\t\t\t\t<\/a>\n\t\t\t\t<\/div>\n\t\t\t\t<div class=\"news_text\">\n\t\t\t\t\t<span class=\"news_date\"><em>09<\/em> Jan.<\/span>\n\t\t\t\t\t<h3>2025: Genie\u00dfe einen farbenfrohen Garten!<\/h3>\n\t\t\t\t\t<article>\n\t\t\t\t\t\t<p>Ein neues Jahr hat begonnen, und wir hoffen dass alle einen ...<\/p>\n\t\t\t\t\t<\/article>\n\t\t\t\t\t<div class=\"site_btn\">\n\t\t\t\t\t\t<a href=\"https:\/\/vwtuinplanten.nl\/de\/blog\/news\/in-2025-volop-genieten-van-jouw-kleurrijke-tuin\/\">Weiterlesen<\/a>\n\t\t\t\t\t\t<input type=\"hidden\" name=\"test\" value=\"de\">\n\t\t\t\t\t<\/div>\n\t\t\t\t<\/div>\n\t\t\t<\/div>\n\t\t\t\n\t\t\t<div class=\"news_grid\">\n\t\t\t\t<div class=\"news_img\">\n\t\t\t\t\t<a href=\"https:\/\/vwtuinplanten.nl\/de\/blog\/news\/beste-wensen-voor-de-feestdagen\/\">\n\t\t\t\t\t\t<img decoding=\"async\" src=\"https:\/\/vwtuinplanten.nl\/wp-content\/uploads\/2024\/12\/kerst-woudenberg-724x1024.jpg\" alt=\"Feiertagsgr\u00fc\u00dfe\" \/>\n\t\t\t\t\t<\/a>\n\t\t\t\t<\/div>\n\t\t\t\t<div class=\"news_text\">\n\t\t\t\t\t<span class=\"news_date\"><em>19<\/em> Dez.<\/span>\n\t\t\t\t\t<h3>Feiertagsgr\u00fc\u00dfe<\/h3>\n\t\t\t\t\t<article>\n\t\t\t\t\t\t<p>Im Namen des gesamten Teams von Van Woudenberg Tuinplanten w...<\/p>\n\t\t\t\t\t<\/article>\n\t\t\t\t\t<div class=\"site_btn\">\n\t\t\t\t\t\t<a href=\"https:\/\/vwtuinplanten.nl\/de\/blog\/news\/beste-wensen-voor-de-feestdagen\/\">Weiterlesen<\/a>\n\t\t\t\t\t\t<input type=\"hidden\" name=\"test\" value=\"de\">\n\t\t\t\t\t<\/div>\n\t\t\t\t<\/div>\n\t\t\t<\/div>\n\t\t\t\n\t\t\t<div class=\"news_grid\">\n\t\t\t\t<div class=\"news_img\">\n\t\t\t\t\t<a href=\"https:\/\/vwtuinplanten.nl\/de\/blog\/news\/samen-sterk\/\">\n\t\t\t\t\t\t<img decoding=\"async\" src=\"https:\/\/vwtuinplanten.nl\/wp-content\/uploads\/2024\/12\/bezoek-Polen-768x1024.jpg\" alt=\"Besuch bei unserem Team in Polen\" \/>\n\t\t\t\t\t<\/a>\n\t\t\t\t<\/div>\n\t\t\t\t<div class=\"news_text\">\n\t\t\t\t\t<span class=\"news_date\"><em>17<\/em> Dez.<\/span>\n\t\t\t\t\t<h3>Besuch bei unserem Team in Polen<\/h3>\n\t\t\t\t\t<article>\n\t\t\t\t\t\t<p>Vor vier Tagen haben wir unser Team in Polen besucht.\r\nDiese...<\/p>\n\t\t\t\t\t<\/article>\n\t\t\t\t\t<div class=\"site_btn\">\n\t\t\t\t\t\t<a href=\"https:\/\/vwtuinplanten.nl\/de\/blog\/news\/samen-sterk\/\">Weiterlesen<\/a>\n\t\t\t\t\t\t<input type=\"hidden\" name=\"test\" value=\"de\">\n\t\t\t\t\t<\/div>\n\t\t\t\t<\/div>\n\t\t\t<\/div>\n\t\t\t\n\t\t\t<div class=\"news_grid\">\n\t\t\t\t<div class=\"news_img\">\n\t\t\t\t\t<a href=\"https:\/\/vwtuinplanten.nl\/de\/blog\/news\/nieuwe-soorten-beloven-veel-goeds\/\">\n\t\t\t\t\t\t<img decoding=\"async\" src=\"https:\/\/vwtuinplanten.nl\/wp-content\/uploads\/2024\/12\/bezoek-teler.jpg\" alt=\"Neue Sorten versprechen viel Gutes\" \/>\n\t\t\t\t\t<\/a>\n\t\t\t\t<\/div>\n\t\t\t\t<div class=\"news_text\">\n\t\t\t\t\t<span class=\"news_date\"><em>12<\/em> Dez.<\/span>\n\t\t\t\t\t<h3>Neue Sorten versprechen viel Gutes<\/h3>\n\t\t\t\t\t<article>\n\t\t\t\t\t\t<p>Dieses Jahr waren wir auf unserer G\u00e4rtnerei intensiv mit In...<\/p>\n\t\t\t\t\t<\/article>\n\t\t\t\t\t<div class=\"site_btn\">\n\t\t\t\t\t\t<a href=\"https:\/\/vwtuinplanten.nl\/de\/blog\/news\/nieuwe-soorten-beloven-veel-goeds\/\">Weiterlesen<\/a>\n\t\t\t\t\t\t<input type=\"hidden\" name=\"test\" value=\"de\">\n\t\t\t\t\t<\/div>\n\t\t\t\t<\/div>\n\t\t\t<\/div>\n\t\t\t\n\t\t\t<div class=\"news_grid\">\n\t\t\t\t<div class=\"news_img\">\n\t\t\t\t\t<a href=\"https:\/\/vwtuinplanten.nl\/de\/blog\/news\/introductie-van-de-nieuwe-witte-gaura-ciao-ciao\/\">\n\t\t\t\t\t\t<img decoding=\"async\" src=\"https:\/\/vwtuinplanten.nl\/wp-content\/uploads\/2024\/12\/Witte-Gaura-\u2018Ciao-Ciao.jpg\" alt=\"Einf\u00fchrung der Neuen Wei\u00dfen Gaura \u2018Ciao Ciao\u2019\" \/>\n\t\t\t\t\t<\/a>\n\t\t\t\t<\/div>\n\t\t\t\t<div class=\"news_text\">\n\t\t\t\t\t<span class=\"news_date\"><em>10<\/em> Dez.<\/span>\n\t\t\t\t\t<h3>Einf\u00fchrung der Neuen Wei\u00dfen Gaura \u2018Ciao Ciao\u2019<\/h3>\n\t\t\t\t\t<article>\n\t\t\t\t\t\t<p>Bei Kwekerij van Woudenberg blicken wir mit Begeisterung und...<\/p>\n\t\t\t\t\t<\/article>\n\t\t\t\t\t<div class=\"site_btn\">\n\t\t\t\t\t\t<a href=\"https:\/\/vwtuinplanten.nl\/de\/blog\/news\/introductie-van-de-nieuwe-witte-gaura-ciao-ciao\/\">Weiterlesen<\/a>\n\t\t\t\t\t\t<input type=\"hidden\" name=\"test\" value=\"de\">\n\t\t\t\t\t<\/div>\n\t\t\t\t<\/div>\n\t\t\t<\/div>\n\t\t\t\n\t\t\t<div class=\"news_grid\">\n\t\t\t\t<div class=\"news_img\">\n\t\t\t\t\t<a href=\"https:\/\/vwtuinplanten.nl\/de\/blog\/news\/tuinmetamorfose\/\">\n\t\t\t\t\t\t<img decoding=\"async\" src=\"https:\/\/vwtuinplanten.nl\/wp-content\/uploads\/2024\/11\/Tuinverbouwing.jpg\" alt=\"Die Gartenmetamorphose von Marcel und Corina: Mehr Farbe, Licht und W\u00e4rme!\u200b \u200b \u200b  \u200b \u200b\" \/>\n\t\t\t\t\t<\/a>\n\t\t\t\t<\/div>\n\t\t\t\t<div class=\"news_text\">\n\t\t\t\t\t<span class=\"news_date\"><em>19<\/em> Nov.<\/span>\n\t\t\t\t\t<h3>Die Gartenmetamorphose von Marcel und Corina: Mehr Farbe, Licht und W\u00e4rme!\u200b \u200b \u200b  \u200b \u200b<\/h3>\n\t\t\t\t\t<article>\n\t\t\t\t\t\t<p>In der Folge von De Grote Tuinverbouwing vom 16. November 20...<\/p>\n\t\t\t\t\t<\/article>\n\t\t\t\t\t<div class=\"site_btn\">\n\t\t\t\t\t\t<a href=\"https:\/\/vwtuinplanten.nl\/de\/blog\/news\/tuinmetamorfose\/\">Weiterlesen<\/a>\n\t\t\t\t\t\t<input type=\"hidden\" name=\"test\" value=\"de\">\n\t\t\t\t\t<\/div>\n\t\t\t\t<\/div>\n\t\t\t<\/div>\n\t\t\t\n\t\t\t<div class=\"news_grid\">\n\t\t\t\t<div class=\"news_img\">\n\t\t\t\t\t<a href=\"https:\/\/vwtuinplanten.nl\/de\/blog\/news\/van-woudenberg-tuinplanten-opgenomen-in-prestigieuze-hillenraad100\/\">\n\t\t\t\t\t\t<img decoding=\"async\" src=\"https:\/\/vwtuinplanten.nl\/wp-content\/uploads\/2024\/11\/Screenshot_20241107_170605_LinkedIn-e1731017152191-1024x732.jpg\" alt=\"Van Woudenberg Tuinplanten wurde in den prestigetr\u00e4chtigen Hillenraad100 aufgenommen\" \/>\n\t\t\t\t\t<\/a>\n\t\t\t\t<\/div>\n\t\t\t\t<div class=\"news_text\">\n\t\t\t\t\t<span class=\"news_date\"><em>07<\/em> Nov.<\/span>\n\t\t\t\t\t<h3>Van Woudenberg Tuinplanten wurde in den prestigetr\u00e4chtigen Hillenraad100 aufgenommen<\/h3>\n\t\t\t\t\t<article>\n\t\t\t\t\t\t<p>Sehr dankbar und auch super stolz!\u200b\r\n\r\nVan Woudenberg Tuin...<\/p>\n\t\t\t\t\t<\/article>\n\t\t\t\t\t<div class=\"site_btn\">\n\t\t\t\t\t\t<a href=\"https:\/\/vwtuinplanten.nl\/de\/blog\/news\/van-woudenberg-tuinplanten-opgenomen-in-prestigieuze-hillenraad100\/\">Weiterlesen<\/a>\n\t\t\t\t\t\t<input type=\"hidden\" name=\"test\" value=\"de\">\n\t\t\t\t\t<\/div>\n\t\t\t\t<\/div>\n\t\t\t<\/div>\n\t\t\t\n\t\t\t<div class=\"news_grid\">\n\t\t\t\t<div class=\"news_img\">\n\t\t\t\t\t<a href=\"https:\/\/vwtuinplanten.nl\/de\/blog\/news\/nieuwe-hosta-varieteiten-beschikbaar-in-2025\/\">\n\t\t\t\t\t\t<img decoding=\"async\" src=\"https:\/\/vwtuinplanten.nl\/wp-content\/uploads\/2024\/10\/Hosta.jpg\" alt=\"Neue Hosta-Sorten verf\u00fcgbar in 2025!\" \/>\n\t\t\t\t\t<\/a>\n\t\t\t\t<\/div>\n\t\t\t\t<div class=\"news_text\">\n\t\t\t\t\t<span class=\"news_date\"><em>25<\/em> Okt.<\/span>\n\t\t\t\t\t<h3>Neue Hosta-Sorten verf\u00fcgbar in 2025!<\/h3>\n\t\t\t\t\t<article>\n\t\t\t\t\t\t<p>Wir freuen uns, Ihnen mitteilen zu k\u00f6nnen, dass im n\u00e4chste...<\/p>\n\t\t\t\t\t<\/article>\n\t\t\t\t\t<div class=\"site_btn\">\n\t\t\t\t\t\t<a href=\"https:\/\/vwtuinplanten.nl\/de\/blog\/news\/nieuwe-hosta-varieteiten-beschikbaar-in-2025\/\">Weiterlesen<\/a>\n\t\t\t\t\t\t<input type=\"hidden\" name=\"test\" value=\"de\">\n\t\t\t\t\t<\/div>\n\t\t\t\t<\/div>\n\t\t\t<\/div>\n\t\t\t\n\t\t\t<div class=\"news_grid\">\n\t\t\t\t<div class=\"news_img\">\n\t\t\t\t\t<a href=\"https:\/\/vwtuinplanten.nl\/de\/blog\/news\/een-sneak-preview-een-kijkje-in-onze-nieuwe-locatie\/\">\n\t\t\t\t\t\t<img decoding=\"async\" src=\"https:\/\/vwtuinplanten.nl\/wp-content\/uploads\/2024\/10\/nieuwe-locatie-790x1024.jpeg\" alt=\"Ein Blick auf unseren neuen Standort\" \/>\n\t\t\t\t\t<\/a>\n\t\t\t\t<\/div>\n\t\t\t\t<div class=\"news_text\">\n\t\t\t\t\t<span class=\"news_date\"><em>23<\/em> Okt.<\/span>\n\t\t\t\t\t<h3>Ein Blick auf unseren neuen Standort<\/h3>\n\t\t\t\t\t<article>\n\t\t\t\t\t\t<p>Bei der Kwekerij Van Woudenberg sind wir intensiv mit den Vo...<\/p>\n\t\t\t\t\t<\/article>\n\t\t\t\t\t<div class=\"site_btn\">\n\t\t\t\t\t\t<a href=\"https:\/\/vwtuinplanten.nl\/de\/blog\/news\/een-sneak-preview-een-kijkje-in-onze-nieuwe-locatie\/\">Weiterlesen<\/a>\n\t\t\t\t\t\t<input type=\"hidden\" name=\"test\" value=\"de\">\n\t\t\t\t\t<\/div>\n\t\t\t\t<\/div>\n\t\t\t<\/div>\n\t\t\t\n\t\t\t<div class=\"news_grid\">\n\t\t\t\t<div class=\"news_img\">\n\t\t\t\t\t<a href=\"https:\/\/vwtuinplanten.nl\/de\/blog\/news\/met-volle-kracht-vooruit-naar-2025\/\">\n\t\t\t\t\t\t<img decoding=\"async\" src=\"https:\/\/vwtuinplanten.nl\/wp-content\/uploads\/2024\/10\/afsluiting-seizoen.jpg\" alt=\"Blick auf das Jahr 2025\" \/>\n\t\t\t\t\t<\/a>\n\t\t\t\t<\/div>\n\t\t\t\t<div class=\"news_text\">\n\t\t\t\t\t<span class=\"news_date\"><em>14<\/em> Okt.<\/span>\n\t\t\t\t\t<h3>Blick auf das Jahr 2025<\/h3>\n\t\t\t\t\t<article>\n\t\t\t\t\t\t<p>Seit vielen Jahren ist unsere G\u00e4rtnerei bekannt f\u00fcr\u00a0eine ...<\/p>\n\t\t\t\t\t<\/article>\n\t\t\t\t\t<div class=\"site_btn\">\n\t\t\t\t\t\t<a href=\"https:\/\/vwtuinplanten.nl\/de\/blog\/news\/met-volle-kracht-vooruit-naar-2025\/\">Weiterlesen<\/a>\n\t\t\t\t\t\t<input type=\"hidden\" name=\"test\" value=\"de\">\n\t\t\t\t\t<\/div>\n\t\t\t\t<\/div>\n\t\t\t<\/div>\n\t\t\t\n\t\t\t<div class=\"news_grid\">\n\t\t\t\t<div class=\"news_img\">\n\t\t\t\t\t<a href=\"https:\/\/vwtuinplanten.nl\/de\/blog\/news\/seizoensafsluiting-2024-een-dag-samen-op-stap\/\">\n\t\t\t\t\t\t<img decoding=\"async\" src=\"https:\/\/vwtuinplanten.nl\/wp-content\/uploads\/2024\/10\/Seizoen-2024-afsluiting-1024x483.jpg\" alt=\"Saisonabschluss 2024: Ein gemeinsamer Tag\" \/>\n\t\t\t\t\t<\/a>\n\t\t\t\t<\/div>\n\t\t\t\t<div class=\"news_text\">\n\t\t\t\t\t<span class=\"news_date\"><em>07<\/em> Okt.<\/span>\n\t\t\t\t\t<h3>Saisonabschluss 2024: Ein gemeinsamer Tag<\/h3>\n\t\t\t\t\t<article>\n\t\t\t\t\t\t<p>Mit einem Mannschaftsausflug lie\u00dfen wir die Saison auf unte...<\/p>\n\t\t\t\t\t<\/article>\n\t\t\t\t\t<div class=\"site_btn\">\n\t\t\t\t\t\t<a href=\"https:\/\/vwtuinplanten.nl\/de\/blog\/news\/seizoensafsluiting-2024-een-dag-samen-op-stap\/\">Weiterlesen<\/a>\n\t\t\t\t\t\t<input type=\"hidden\" name=\"test\" value=\"de\">\n\t\t\t\t\t<\/div>\n\t\t\t\t<\/div>\n\t\t\t<\/div>\n\t\t\t\n\t\t\t<div class=\"news_grid\">\n\t\t\t\t<div class=\"news_img\">\n\t\t\t\t\t<a href=\"https:\/\/vwtuinplanten.nl\/de\/blog\/news\/succesvolle-rondleiding-voor-floweracademy-bij-kwekerij-van-woudenberg\/\">\n\t\t\t\t\t\t<img decoding=\"async\" src=\"https:\/\/vwtuinplanten.nl\/wp-content\/uploads\/2024\/09\/bezoekje-floweracademy.jpg\" alt=\"F\u00fchrung f\u00fcr Studierende der FlowerAcademy\" \/>\n\t\t\t\t\t<\/a>\n\t\t\t\t<\/div>\n\t\t\t\t<div class=\"news_text\">\n\t\t\t\t\t<span class=\"news_date\"><em>25<\/em> Sep.<\/span>\n\t\t\t\t\t<h3>F\u00fchrung f\u00fcr Studierende der FlowerAcademy<\/h3>\n\t\t\t\t\t<article>\n\t\t\t\t\t\t<p>Bei van Woudenberg geben wir unser Wissen auch gerne weiter....<\/p>\n\t\t\t\t\t<\/article>\n\t\t\t\t\t<div class=\"site_btn\">\n\t\t\t\t\t\t<a href=\"https:\/\/vwtuinplanten.nl\/de\/blog\/news\/succesvolle-rondleiding-voor-floweracademy-bij-kwekerij-van-woudenberg\/\">Weiterlesen<\/a>\n\t\t\t\t\t\t<input type=\"hidden\" name=\"test\" value=\"de\">\n\t\t\t\t\t<\/div>\n\t\t\t\t<\/div>\n\t\t\t<\/div>\n\t\t\t\n\t\t\t<div class=\"news_grid\">\n\t\t\t\t<div class=\"news_img\">\n\t\t\t\t\t<a href=\"https:\/\/vwtuinplanten.nl\/de\/blog\/news\/het-einde-van-het-seizoen-is-in-zicht\/\">\n\t\t\t\t\t\t<img decoding=\"async\" src=\"https:\/\/vwtuinplanten.nl\/wp-content\/uploads\/2024\/09\/einde-seizoen.jpg\" alt=\"Das Ende der Saison\" \/>\n\t\t\t\t\t<\/a>\n\t\t\t\t<\/div>\n\t\t\t\t<div class=\"news_text\">\n\t\t\t\t\t<span class=\"news_date\"><em>17<\/em> Sep.<\/span>\n\t\t\t\t\t<h3>Das Ende der Saison<\/h3>\n\t\t\t\t\t<article>\n\t\t\t\t\t\t<p>Die letzten Wochen standen ganz im Zeichen des Be- und Entla...<\/p>\n\t\t\t\t\t<\/article>\n\t\t\t\t\t<div class=\"site_btn\">\n\t\t\t\t\t\t<a href=\"https:\/\/vwtuinplanten.nl\/de\/blog\/news\/het-einde-van-het-seizoen-is-in-zicht\/\">Weiterlesen<\/a>\n\t\t\t\t\t\t<input type=\"hidden\" name=\"test\" value=\"de\">\n\t\t\t\t\t<\/div>\n\t\t\t\t<\/div>\n\t\t\t<\/div>\n\t\t\t\n\t\t\t<div class=\"news_grid\">\n\t\t\t\t<div class=\"news_img\">\n\t\t\t\t\t<a href=\"https:\/\/vwtuinplanten.nl\/de\/blog\/news\/actuele-producten\/\">\n\t\t\t\t\t\t<img decoding=\"async\" src=\"https:\/\/vwtuinplanten.nl\/wp-content\/uploads\/2024\/09\/Calluna.jpg\" alt=\"Aktuelle Produkte\" \/>\n\t\t\t\t\t<\/a>\n\t\t\t\t<\/div>\n\t\t\t\t<div class=\"news_text\">\n\t\t\t\t\t<span class=\"news_date\"><em>10<\/em> Sep.<\/span>\n\t\t\t\t\t<h3>Aktuelle Produkte<\/h3>\n\t\t\t\t\t<article>\n\t\t\t\t\t\t<p>Der Herbst steht vor der T\u00fcr, und das sieht man auch an uns...<\/p>\n\t\t\t\t\t<\/article>\n\t\t\t\t\t<div class=\"site_btn\">\n\t\t\t\t\t\t<a href=\"https:\/\/vwtuinplanten.nl\/de\/blog\/news\/actuele-producten\/\">Weiterlesen<\/a>\n\t\t\t\t\t\t<input type=\"hidden\" name=\"test\" value=\"de\">\n\t\t\t\t\t<\/div>\n\t\t\t\t<\/div>\n\t\t\t<\/div>\n\t\t\t\n\t\t\t<div class=\"news_grid\">\n\t\t\t\t<div class=\"news_img\">\n\t\t\t\t\t<a href=\"https:\/\/vwtuinplanten.nl\/de\/blog\/news\/natuurgeweld\/\">\n\t\t\t\t\t\t<img decoding=\"async\" src=\"https:\/\/vwtuinplanten.nl\/wp-content\/uploads\/2024\/09\/zwaar-weer.jpg\" alt=\"Naturgewalt\" \/>\n\t\t\t\t\t<\/a>\n\t\t\t\t<\/div>\n\t\t\t\t<div class=\"news_text\">\n\t\t\t\t\t<span class=\"news_date\"><em>02<\/em> Sep.<\/span>\n\t\t\t\t\t<h3>Naturgewalt<\/h3>\n\t\t\t\t\t<article>\n\t\t\t\t\t\t<p>Letzte Woche gab es viel Wind und heftige Regenf\u00e4lle, es wa...<\/p>\n\t\t\t\t\t<\/article>\n\t\t\t\t\t<div class=\"site_btn\">\n\t\t\t\t\t\t<a href=\"https:\/\/vwtuinplanten.nl\/de\/blog\/news\/natuurgeweld\/\">Weiterlesen<\/a>\n\t\t\t\t\t\t<input type=\"hidden\" name=\"test\" value=\"de\">\n\t\t\t\t\t<\/div>\n\t\t\t\t<\/div>\n\t\t\t<\/div>\n\t\t\t\n\t\t\t<div class=\"news_grid\">\n\t\t\t\t<div class=\"news_img\">\n\t\t\t\t\t<a href=\"https:\/\/vwtuinplanten.nl\/de\/blog\/news\/vakantie\/\">\n\t\t\t\t\t\t<img decoding=\"async\" src=\"https:\/\/vwtuinplanten.nl\/wp-content\/uploads\/2024\/07\/vakantie.jpg\" alt=\"Urlaub\" \/>\n\t\t\t\t\t<\/a>\n\t\t\t\t<\/div>\n\t\t\t\t<div class=\"news_text\">\n\t\t\t\t\t<span class=\"news_date\"><em>19<\/em> Juli<\/span>\n\t\t\t\t\t<h3>Urlaub<\/h3>\n\t\t\t\t\t<article>\n\t\t\t\t\t\t<p>Ein Familienunternehmen steht nie still.\r\nAus Leidenschaft u...<\/p>\n\t\t\t\t\t<\/article>\n\t\t\t\t\t<div class=\"site_btn\">\n\t\t\t\t\t\t<a href=\"https:\/\/vwtuinplanten.nl\/de\/blog\/news\/vakantie\/\">Weiterlesen<\/a>\n\t\t\t\t\t\t<input type=\"hidden\" name=\"test\" value=\"de\">\n\t\t\t\t\t<\/div>\n\t\t\t\t<\/div>\n\t\t\t<\/div>\n\t\t\t\n\t\t\t<div class=\"news_grid\">\n\t\t\t\t<div class=\"news_img\">\n\t\t\t\t\t<a href=\"https:\/\/vwtuinplanten.nl\/de\/blog\/news\/longines-global-champions-tour-in-stockholm\/\">\n\t\t\t\t\t\t<img decoding=\"async\" src=\"https:\/\/vwtuinplanten.nl\/wp-content\/uploads\/2024\/07\/Longines-Global-Champions-Tour-in-Stockholm.jpg\" alt=\"Longines Global Champions Tour in Stockholm\" \/>\n\t\t\t\t\t<\/a>\n\t\t\t\t<\/div>\n\t\t\t\t<div class=\"news_text\">\n\t\t\t\t\t<span class=\"news_date\"><em>15<\/em> Juli<\/span>\n\t\t\t\t\t<h3>Longines Global Champions Tour in Stockholm<\/h3>\n\t\t\t\t\t<article>\n\t\t\t\t\t\t<p>\r\n\r\n\r\n\r\n\r\nWir f\u00fchlen uns immer geehrt, wenn wir in Nachrich...<\/p>\n\t\t\t\t\t<\/article>\n\t\t\t\t\t<div class=\"site_btn\">\n\t\t\t\t\t\t<a href=\"https:\/\/vwtuinplanten.nl\/de\/blog\/news\/longines-global-champions-tour-in-stockholm\/\">Weiterlesen<\/a>\n\t\t\t\t\t\t<input type=\"hidden\" name=\"test\" value=\"de\">\n\t\t\t\t\t<\/div>\n\t\t\t\t<\/div>\n\t\t\t<\/div>\n\t\t\t\n\t\t\t<div class=\"news_grid\">\n\t\t\t\t<div class=\"news_img\">\n\t\t\t\t\t<a href=\"https:\/\/vwtuinplanten.nl\/de\/blog\/news\/kwartaalbijeenkomst-food-agri\/\">\n\t\t\t\t\t\t<img decoding=\"async\" src=\"https:\/\/vwtuinplanten.nl\/wp-content\/uploads\/2024\/07\/presentatie-kwartaalbijeenkomst-1024x661.jpg\" alt=\"Viertelj\u00e4hrliches Treffen des ABN AMRO Cluster Food &#038; Agri\" \/>\n\t\t\t\t\t<\/a>\n\t\t\t\t<\/div>\n\t\t\t\t<div class=\"news_text\">\n\t\t\t\t\t<span class=\"news_date\"><em>12<\/em> Juli<\/span>\n\t\t\t\t\t<h3>Viertelj\u00e4hrliches Treffen des ABN AMRO Cluster Food &#038; Agri<\/h3>\n\t\t\t\t\t<article>\n\t\t\t\t\t\t<p>Diesmal fand das sechste viertelj\u00e4hrliche Treffen des Food ...<\/p>\n\t\t\t\t\t<\/article>\n\t\t\t\t\t<div class=\"site_btn\">\n\t\t\t\t\t\t<a href=\"https:\/\/vwtuinplanten.nl\/de\/blog\/news\/kwartaalbijeenkomst-food-agri\/\">Weiterlesen<\/a>\n\t\t\t\t\t\t<input type=\"hidden\" name=\"test\" value=\"de\">\n\t\t\t\t\t<\/div>\n\t\t\t\t<\/div>\n\t\t\t<\/div>\n\t\t\t\n\t\t\t<div class=\"news_grid\">\n\t\t\t\t<div class=\"news_img\">\n\t\t\t\t\t<a href=\"https:\/\/vwtuinplanten.nl\/de\/blog\/news\/tuin-ontwerp\/\">\n\t\t\t\t\t\t<img decoding=\"async\" src=\"https:\/\/vwtuinplanten.nl\/wp-content\/uploads\/2024\/06\/schets-met-plant-1024x491.jpg\" alt=\"Gartendesign\" \/>\n\t\t\t\t\t<\/a>\n\t\t\t\t<\/div>\n\t\t\t\t<div class=\"news_text\">\n\t\t\t\t\t<span class=\"news_date\"><em>28<\/em> Juni<\/span>\n\t\t\t\t\t<h3>Gartendesign<\/h3>\n\t\t\t\t\t<article>\n\t\t\t\t\t\t<p>Es steckt viel Arbeit in der Gestaltung eines Gartens.\r\nWie ...<\/p>\n\t\t\t\t\t<\/article>\n\t\t\t\t\t<div class=\"site_btn\">\n\t\t\t\t\t\t<a href=\"https:\/\/vwtuinplanten.nl\/de\/blog\/news\/tuin-ontwerp\/\">Weiterlesen<\/a>\n\t\t\t\t\t\t<input type=\"hidden\" name=\"test\" value=\"de\">\n\t\t\t\t\t<\/div>\n\t\t\t\t<\/div>\n\t\t\t<\/div>\n\t\t\t\n\t\t\t<div class=\"news_grid\">\n\t\t\t\t<div class=\"news_img\">\n\t\t\t\t\t<a href=\"https:\/\/vwtuinplanten.nl\/de\/blog\/news\/vaste-planten-show\/\">\n\t\t\t\t\t\t<img decoding=\"async\" src=\"https:\/\/vwtuinplanten.nl\/wp-content\/uploads\/2024\/06\/vaste-planten-show-2023.jpg\" alt=\"Staudenpflanzenschau\" \/>\n\t\t\t\t\t<\/a>\n\t\t\t\t<\/div>\n\t\t\t\t<div class=\"news_text\">\n\t\t\t\t\t<span class=\"news_date\"><em>20<\/em> Juni<\/span>\n\t\t\t\t\t<h3>Staudenpflanzenschau<\/h3>\n\t\t\t\t\t<article>\n\t\t\t\t\t\t<p>Dieses Foto erschien als Erinnerung:\r\ndie Staudenpflanzensch...<\/p>\n\t\t\t\t\t<\/article>\n\t\t\t\t\t<div class=\"site_btn\">\n\t\t\t\t\t\t<a href=\"https:\/\/vwtuinplanten.nl\/de\/blog\/news\/vaste-planten-show\/\">Weiterlesen<\/a>\n\t\t\t\t\t\t<input type=\"hidden\" name=\"test\" value=\"de\">\n\t\t\t\t\t<\/div>\n\t\t\t\t<\/div>\n\t\t\t<\/div>\n\t\t\t\n\t\t\t<div class=\"news_grid\">\n\t\t\t\t<div class=\"news_img\">\n\t\t\t\t\t<a href=\"https:\/\/vwtuinplanten.nl\/de\/blog\/news\/hoofdsponsor-van-de-grote-tuinverbouwing\/\">\n\t\t\t\t\t\t<img decoding=\"async\" src=\"https:\/\/vwtuinplanten.nl\/wp-content\/uploads\/2024\/05\/DGTV.jpg\" alt=\"Hauptsponsor von De Grote Tuinverbouwing\" \/>\n\t\t\t\t\t<\/a>\n\t\t\t\t<\/div>\n\t\t\t\t<div class=\"news_text\">\n\t\t\t\t\t<span class=\"news_date\"><em>31<\/em> Mai<\/span>\n\t\t\t\t\t<h3>Hauptsponsor von De Grote Tuinverbouwing<\/h3>\n\t\t\t\t\t<article>\n\t\t\t\t\t\t<p>Wussten Sie schon, dass Van Woudenberg Tuinplanten einer der...<\/p>\n\t\t\t\t\t<\/article>\n\t\t\t\t\t<div class=\"site_btn\">\n\t\t\t\t\t\t<a href=\"https:\/\/vwtuinplanten.nl\/de\/blog\/news\/hoofdsponsor-van-de-grote-tuinverbouwing\/\">Weiterlesen<\/a>\n\t\t\t\t\t\t<input type=\"hidden\" name=\"test\" value=\"de\">\n\t\t\t\t\t<\/div>\n\t\t\t\t<\/div>\n\t\t\t<\/div>\n\t\t\t\n\t\t\t<div class=\"news_grid\">\n\t\t\t\t<div class=\"news_img\">\n\t\t\t\t\t<a href=\"https:\/\/vwtuinplanten.nl\/de\/blog\/news\/groeipijn\/\">\n\t\t\t\t\t\t<img decoding=\"async\" src=\"https:\/\/vwtuinplanten.nl\/wp-content\/uploads\/2024\/05\/C-veld.jpg-1024x967.png\" alt=\"Wachstumsschmerzen\" \/>\n\t\t\t\t\t<\/a>\n\t\t\t\t<\/div>\n\t\t\t\t<div class=\"news_text\">\n\t\t\t\t\t<span class=\"news_date\"><em>30<\/em> Mai<\/span>\n\t\t\t\t\t<h3>Wachstumsschmerzen<\/h3>\n\t\t\t\t\t<article>\n\t\t\t\t\t\t<p>Von 2017 bis 2020 haben wir jedes Jahr um 6 Hektar erweitert...<\/p>\n\t\t\t\t\t<\/article>\n\t\t\t\t\t<div class=\"site_btn\">\n\t\t\t\t\t\t<a href=\"https:\/\/vwtuinplanten.nl\/de\/blog\/news\/groeipijn\/\">Weiterlesen<\/a>\n\t\t\t\t\t\t<input type=\"hidden\" name=\"test\" value=\"de\">\n\t\t\t\t\t<\/div>\n\t\t\t\t<\/div>\n\t\t\t<\/div>\n\t\t\t\n\t\t\t<div class=\"news_grid\">\n\t\t\t\t<div class=\"news_img\">\n\t\t\t\t\t<a href=\"https:\/\/vwtuinplanten.nl\/de\/blog\/news\/1495\/\">\n\t\t\t\t\t\t<img decoding=\"async\" src=\"https:\/\/vwtuinplanten.nl\/wp-content\/uploads\/2024\/05\/Echinacea.jpg\" alt=\"Blitzbesuch in Portugal\" \/>\n\t\t\t\t\t<\/a>\n\t\t\t\t<\/div>\n\t\t\t\t<div class=\"news_text\">\n\t\t\t\t\t<span class=\"news_date\"><em>19<\/em> Mai<\/span>\n\t\t\t\t\t<h3>Blitzbesuch in Portugal<\/h3>\n\t\t\t\t\t<article>\n\t\t\t\t\t\t<p>Am 16. Mai hat Van Woudenberg einen Blitzbesuch bei unserer ...<\/p>\n\t\t\t\t\t<\/article>\n\t\t\t\t\t<div class=\"site_btn\">\n\t\t\t\t\t\t<a href=\"https:\/\/vwtuinplanten.nl\/de\/blog\/news\/1495\/\">Weiterlesen<\/a>\n\t\t\t\t\t\t<input type=\"hidden\" name=\"test\" value=\"de\">\n\t\t\t\t\t<\/div>\n\t\t\t\t<\/div>\n\t\t\t<\/div>\n\t\t\t\n\t\t\t<div class=\"news_grid\">\n\t\t\t\t<div class=\"news_img\">\n\t\t\t\t\t<a href=\"https:\/\/vwtuinplanten.nl\/de\/blog\/news\/van-binnen-naar-buiten\/\">\n\t\t\t\t\t\t<img decoding=\"async\" src=\"https:\/\/vwtuinplanten.nl\/wp-content\/uploads\/2024\/05\/lavendel-collage-1024x591.jpg\" alt=\"Von drinnen nach drau\u00dfen\" \/>\n\t\t\t\t\t<\/a>\n\t\t\t\t<\/div>\n\t\t\t\t<div class=\"news_text\">\n\t\t\t\t\t<span class=\"news_date\"><em>14<\/em> Mai<\/span>\n\t\t\t\t\t<h3>Von drinnen nach drau\u00dfen<\/h3>\n\t\t\t\t\t<article>\n\t\t\t\t\t\t<p>Nach der massiven Plantjesplezier-Aktion, bei der inzwischen...<\/p>\n\t\t\t\t\t<\/article>\n\t\t\t\t\t<div class=\"site_btn\">\n\t\t\t\t\t\t<a href=\"https:\/\/vwtuinplanten.nl\/de\/blog\/news\/van-binnen-naar-buiten\/\">Weiterlesen<\/a>\n\t\t\t\t\t\t<input type=\"hidden\" name=\"test\" value=\"de\">\n\t\t\t\t\t<\/div>\n\t\t\t\t<\/div>\n\t\t\t<\/div>\n\t\t\t\n\t\t\t<div class=\"news_grid\">\n\t\t\t\t<div class=\"news_img\">\n\t\t\t\t\t<a href=\"https:\/\/vwtuinplanten.nl\/de\/blog\/news\/plus-plus-plus\/\">\n\t\t\t\t\t\t<img decoding=\"async\" src=\"https:\/\/vwtuinplanten.nl\/wp-content\/uploads\/2024\/04\/afsluiting-plus-week.jpg\" alt=\"PLus PLus PLus\" \/>\n\t\t\t\t\t<\/a>\n\t\t\t\t<\/div>\n\t\t\t\t<div class=\"news_text\">\n\t\t\t\t\t<span class=\"news_date\"><em>29<\/em> Apr.<\/span>\n\t\t\t\t\t<h3>PLus PLus PLus<\/h3>\n\t\t\t\t\t<article>\n\t\t\t\t\t\t<p>Letzte Woche konnten uns Hagel, Wind und Regen nicht davon a...<\/p>\n\t\t\t\t\t<\/article>\n\t\t\t\t\t<div class=\"site_btn\">\n\t\t\t\t\t\t<a href=\"https:\/\/vwtuinplanten.nl\/de\/blog\/news\/plus-plus-plus\/\">Weiterlesen<\/a>\n\t\t\t\t\t\t<input type=\"hidden\" name=\"test\" value=\"de\">\n\t\t\t\t\t<\/div>\n\t\t\t\t<\/div>\n\t\t\t<\/div>\n\t\t\t\n\t\t\t<div class=\"news_grid\">\n\t\t\t\t<div class=\"news_img\">\n\t\t\t\t\t<a href=\"https:\/\/vwtuinplanten.nl\/de\/blog\/news\/plantjes-plezier\/\">\n\t\t\t\t\t\t<img decoding=\"async\" src=\"https:\/\/vwtuinplanten.nl\/wp-content\/uploads\/2024\/04\/20240424_170919-768x1024.jpg\" alt=\"Pflanzenspa\u00df\" \/>\n\t\t\t\t\t<\/a>\n\t\t\t\t<\/div>\n\t\t\t\t<div class=\"news_text\">\n\t\t\t\t\t<span class=\"news_date\"><em>25<\/em> Apr.<\/span>\n\t\t\t\t\t<h3>Pflanzenspa\u00df<\/h3>\n\t\t\t\t\t<article>\n\t\t\t\t\t\t<p>Wir sind gro\u00dfe Fans der Plantjes Plezier Aktion von Plus un...<\/p>\n\t\t\t\t\t<\/article>\n\t\t\t\t\t<div class=\"site_btn\">\n\t\t\t\t\t\t<a href=\"https:\/\/vwtuinplanten.nl\/de\/blog\/news\/plantjes-plezier\/\">Weiterlesen<\/a>\n\t\t\t\t\t\t<input type=\"hidden\" name=\"test\" value=\"de\">\n\t\t\t\t\t<\/div>\n\t\t\t\t<\/div>\n\t\t\t<\/div>\n\t\t\t\n\t\t\t<div class=\"news_grid\">\n\t\t\t\t<div class=\"news_img\">\n\t\t\t\t\t<a href=\"https:\/\/vwtuinplanten.nl\/de\/blog\/news\/van-woudenberg-in-portugal\/\">\n\t\t\t\t\t\t<img decoding=\"async\" src=\"https:\/\/vwtuinplanten.nl\/wp-content\/uploads\/2024\/04\/Portugal.jpg\" alt=\"Unsere Zusammenarbeit in Portugal\" \/>\n\t\t\t\t\t<\/a>\n\t\t\t\t<\/div>\n\t\t\t\t<div class=\"news_text\">\n\t\t\t\t\t<span class=\"news_date\"><em>18<\/em> Apr.<\/span>\n\t\t\t\t\t<h3>Unsere Zusammenarbeit in Portugal<\/h3>\n\t\t\t\t\t<article>\n\t\t\t\t\t\t<p>Das Team von Van Woudenberg Tuinplanten in Portugal bietet n...<\/p>\n\t\t\t\t\t<\/article>\n\t\t\t\t\t<div class=\"site_btn\">\n\t\t\t\t\t\t<a href=\"https:\/\/vwtuinplanten.nl\/de\/blog\/news\/van-woudenberg-in-portugal\/\">Weiterlesen<\/a>\n\t\t\t\t\t\t<input type=\"hidden\" name=\"test\" value=\"de\">\n\t\t\t\t\t<\/div>\n\t\t\t\t<\/div>\n\t\t\t<\/div>\n\t\t\t\n\t\t\t<div class=\"news_grid\">\n\t\t\t\t<div class=\"news_img\">\n\t\t\t\t\t<a href=\"https:\/\/vwtuinplanten.nl\/de\/blog\/news\/groene-oase\/\">\n\t\t\t\t\t\t<img decoding=\"async\" src=\"https:\/\/vwtuinplanten.nl\/wp-content\/uploads\/2024\/04\/Groene-Oase.jpg\" alt=\"Gr\u00fcne Oase\" \/>\n\t\t\t\t\t<\/a>\n\t\t\t\t<\/div>\n\t\t\t\t<div class=\"news_text\">\n\t\t\t\t\t<span class=\"news_date\"><em>16<\/em> Apr.<\/span>\n\t\t\t\t\t<h3>Gr\u00fcne Oase<\/h3>\n\t\t\t\t\t<article>\n\t\t\t\t\t\t<p>An der Knibbelweg 27 haben sich unsere schwarzen Felder in e...<\/p>\n\t\t\t\t\t<\/article>\n\t\t\t\t\t<div class=\"site_btn\">\n\t\t\t\t\t\t<a href=\"https:\/\/vwtuinplanten.nl\/de\/blog\/news\/groene-oase\/\">Weiterlesen<\/a>\n\t\t\t\t\t\t<input type=\"hidden\" name=\"test\" value=\"de\">\n\t\t\t\t\t<\/div>\n\t\t\t\t<\/div>\n\t\t\t<\/div>\n\t\t\t\n\t\t\t<div class=\"news_grid\">\n\t\t\t\t<div class=\"news_img\">\n\t\t\t\t\t<a href=\"https:\/\/vwtuinplanten.nl\/de\/blog\/news\/in-het-zonnetje-gezet\/\">\n\t\t\t\t\t\t<img decoding=\"async\" src=\"https:\/\/vwtuinplanten.nl\/wp-content\/uploads\/2024\/04\/in-het-zonnetje.jpg\" alt=\"gew\u00fcrdigt werden!\" \/>\n\t\t\t\t\t<\/a>\n\t\t\t\t<\/div>\n\t\t\t\t<div class=\"news_text\">\n\t\t\t\t\t<span class=\"news_date\"><em>07<\/em> Apr.<\/span>\n\t\t\t\t\t<h3>gew\u00fcrdigt werden!<\/h3>\n\t\t\t\t\t<article>\n\t\t\t\t\t\t<p>Wie sch\u00f6n ist es, von seinem Partner\/Lieferanten Gootjes-Al...<\/p>\n\t\t\t\t\t<\/article>\n\t\t\t\t\t<div class=\"site_btn\">\n\t\t\t\t\t\t<a href=\"https:\/\/vwtuinplanten.nl\/de\/blog\/news\/in-het-zonnetje-gezet\/\">Weiterlesen<\/a>\n\t\t\t\t\t\t<input type=\"hidden\" name=\"test\" value=\"de\">\n\t\t\t\t\t<\/div>\n\t\t\t\t<\/div>\n\t\t\t<\/div>\n\t\t\t\n\t\t\t<div class=\"news_grid\">\n\t\t\t\t<div class=\"news_img\">\n\t\t\t\t\t<a href=\"https:\/\/vwtuinplanten.nl\/de\/blog\/news\/vier-het-voorjaar-met-van-woudenberg\/\">\n\t\t\t\t\t\t<img decoding=\"async\" src=\"https:\/\/vwtuinplanten.nl\/wp-content\/uploads\/2024\/03\/de-zware-jongens.jpg\" alt=\"Feiern Sie den Fr\u00fchling mit van Woudenberg!\" \/>\n\t\t\t\t\t<\/a>\n\t\t\t\t<\/div>\n\t\t\t\t<div class=\"news_text\">\n\t\t\t\t\t<span class=\"news_date\"><em>22<\/em> M\u00e4rz<\/span>\n\t\t\t\t\t<h3>Feiern Sie den Fr\u00fchling mit van Woudenberg!<\/h3>\n\t\t\t\t\t<article>\n\t\t\t\t\t\t<p>Da sind sie: die wundersch\u00f6nen Lavandula und unsere kr\u00e4fti...<\/p>\n\t\t\t\t\t<\/article>\n\t\t\t\t\t<div class=\"site_btn\">\n\t\t\t\t\t\t<a href=\"https:\/\/vwtuinplanten.nl\/de\/blog\/news\/vier-het-voorjaar-met-van-woudenberg\/\">Weiterlesen<\/a>\n\t\t\t\t\t\t<input type=\"hidden\" name=\"test\" value=\"de\">\n\t\t\t\t\t<\/div>\n\t\t\t\t<\/div>\n\t\t\t<\/div>\n\t\t\t\n\t\t\t<div class=\"news_grid\">\n\t\t\t\t<div class=\"news_img\">\n\t\t\t\t\t<a href=\"https:\/\/vwtuinplanten.nl\/de\/blog\/news\/wij-zijn-er-klaar-voor\/\">\n\t\t\t\t\t\t<img decoding=\"async\" src=\"https:\/\/vwtuinplanten.nl\/wp-content\/uploads\/2024\/03\/Locatie-1.jpg\" alt=\"Wir sind bereit\" \/>\n\t\t\t\t\t<\/a>\n\t\t\t\t<\/div>\n\t\t\t\t<div class=\"news_text\">\n\t\t\t\t\t<span class=\"news_date\"><em>14<\/em> M\u00e4rz<\/span>\n\t\t\t\t\t<h3>Wir sind bereit<\/h3>\n\t\t\t\t\t<article>\n\t\t\t\t\t\t<p>Wir haben unsere sechs Standorte \u00fcberpr\u00fcft und ein sch\u00f6ne...<\/p>\n\t\t\t\t\t<\/article>\n\t\t\t\t\t<div class=\"site_btn\">\n\t\t\t\t\t\t<a href=\"https:\/\/vwtuinplanten.nl\/de\/blog\/news\/wij-zijn-er-klaar-voor\/\">Weiterlesen<\/a>\n\t\t\t\t\t\t<input type=\"hidden\" name=\"test\" value=\"de\">\n\t\t\t\t\t<\/div>\n\t\t\t\t<\/div>\n\t\t\t<\/div>\n\t\t\t\n\t\t\t<div class=\"news_grid\">\n\t\t\t\t<div class=\"news_img\">\n\t\t\t\t\t<a href=\"https:\/\/vwtuinplanten.nl\/de\/blog\/news\/planten-presentatie-gestart\/\">\n\t\t\t\t\t\t<img decoding=\"async\" src=\"https:\/\/vwtuinplanten.nl\/wp-content\/uploads\/2024\/03\/Plantenpresentatie-mrt-2024.jpg\" alt=\"Pflanzenpr\u00e4sentationen!\" \/>\n\t\t\t\t\t<\/a>\n\t\t\t\t<\/div>\n\t\t\t\t<div class=\"news_text\">\n\t\t\t\t\t<span class=\"news_date\"><em>06<\/em> M\u00e4rz<\/span>\n\t\t\t\t\t<h3>Pflanzenpr\u00e4sentationen!<\/h3>\n\t\t\t\t\t<article>\n\t\t\t\t\t\t<p>Ab dem 5. M\u00e4rz beginnen wir wieder mit unseren Pflanzenpr\u00e4...<\/p>\n\t\t\t\t\t<\/article>\n\t\t\t\t\t<div class=\"site_btn\">\n\t\t\t\t\t\t<a href=\"https:\/\/vwtuinplanten.nl\/de\/blog\/news\/planten-presentatie-gestart\/\">Weiterlesen<\/a>\n\t\t\t\t\t\t<input type=\"hidden\" name=\"test\" value=\"de\">\n\t\t\t\t\t<\/div>\n\t\t\t\t<\/div>\n\t\t\t<\/div>\n\t\t\t\n\t\t\t<div class=\"news_grid\">\n\t\t\t\t<div class=\"news_img\">\n\t\t\t\t\t<a href=\"https:\/\/vwtuinplanten.nl\/de\/blog\/news\/plantjesplezier\/\">\n\t\t\t\t\t\t<img decoding=\"async\" src=\"https:\/\/vwtuinplanten.nl\/wp-content\/uploads\/2024\/03\/spaaractie-PLus.jpg\" alt=\"\u2018Pflanzenspa\u00df\u2019\" \/>\n\t\t\t\t\t<\/a>\n\t\t\t\t<\/div>\n\t\t\t\t<div class=\"news_text\">\n\t\t\t\t\t<span class=\"news_date\"><em>01<\/em> M\u00e4rz<\/span>\n\t\t\t\t\t<h3>\u2018Pflanzenspa\u00df\u2019<\/h3>\n\t\t\t\t\t<article>\n\t\t\t\t\t\t<p>Wir sind Lieferant f\u00fcr u.a. Plus und finden die Sammelaktio...<\/p>\n\t\t\t\t\t<\/article>\n\t\t\t\t\t<div class=\"site_btn\">\n\t\t\t\t\t\t<a href=\"https:\/\/vwtuinplanten.nl\/de\/blog\/news\/plantjesplezier\/\">Weiterlesen<\/a>\n\t\t\t\t\t\t<input type=\"hidden\" name=\"test\" value=\"de\">\n\t\t\t\t\t<\/div>\n\t\t\t\t<\/div>\n\t\t\t<\/div>\n\t\t\t\n\t\t\t<div class=\"news_grid\">\n\t\t\t\t<div class=\"news_img\">\n\t\t\t\t\t<a href=\"https:\/\/vwtuinplanten.nl\/de\/blog\/news\/voorjaar\/\">\n\t\t\t\t\t\t<img decoding=\"async\" src=\"https:\/\/vwtuinplanten.nl\/wp-content\/uploads\/2024\/02\/Teler-Zoest-2.jpg\" alt=\"Fr\u00fchling\" \/>\n\t\t\t\t\t<\/a>\n\t\t\t\t<\/div>\n\t\t\t\t<div class=\"news_text\">\n\t\t\t\t\t<span class=\"news_date\"><em>27<\/em> Feb.<\/span>\n\t\t\t\t\t<h3>Fr\u00fchling<\/h3>\n\t\t\t\t\t<article>\n\t\t\t\t\t\t<p>Unser Z\u00fcchter Maarten van Zoest tut alles daf\u00fcr, Pflanzen ...<\/p>\n\t\t\t\t\t<\/article>\n\t\t\t\t\t<div class=\"site_btn\">\n\t\t\t\t\t\t<a href=\"https:\/\/vwtuinplanten.nl\/de\/blog\/news\/voorjaar\/\">Weiterlesen<\/a>\n\t\t\t\t\t\t<input type=\"hidden\" name=\"test\" value=\"de\">\n\t\t\t\t\t<\/div>\n\t\t\t\t<\/div>\n\t\t\t<\/div>\n\t\t\t\n\t\t\t<div class=\"news_grid\">\n\t\t\t\t<div class=\"news_img\">\n\t\t\t\t\t<a href=\"https:\/\/vwtuinplanten.nl\/de\/blog\/news\/eerste-zending-planten-zijn-onderweg\/\">\n\t\t\t\t\t\t<img decoding=\"async\" src=\"https:\/\/vwtuinplanten.nl\/wp-content\/uploads\/2024\/02\/planten-onderweg.jpg\" alt=\"Die erste Lieferung von Pflanzen ist unterwegs\" \/>\n\t\t\t\t\t<\/a>\n\t\t\t\t<\/div>\n\t\t\t\t<div class=\"news_text\">\n\t\t\t\t\t<span class=\"news_date\"><em>09<\/em> Feb.<\/span>\n\t\t\t\t\t<h3>Die erste Lieferung von Pflanzen ist unterwegs<\/h3>\n\t\t\t\t\t<article>\n\t\t\t\t\t\t<p>Die ersten Lastwagen mit einer wertvollen Ladung Pflanzen si...<\/p>\n\t\t\t\t\t<\/article>\n\t\t\t\t\t<div class=\"site_btn\">\n\t\t\t\t\t\t<a href=\"https:\/\/vwtuinplanten.nl\/de\/blog\/news\/eerste-zending-planten-zijn-onderweg\/\">Weiterlesen<\/a>\n\t\t\t\t\t\t<input type=\"hidden\" name=\"test\" value=\"de\">\n\t\t\t\t\t<\/div>\n\t\t\t\t<\/div>\n\t\t\t<\/div>\n\t\t\t\n\t\t\t<div class=\"news_grid\">\n\t\t\t\t<div class=\"news_img\">\n\t\t\t\t\t<a href=\"https:\/\/vwtuinplanten.nl\/de\/blog\/news\/onze-specialiteit\/\">\n\t\t\t\t\t\t<img decoding=\"async\" src=\"https:\/\/vwtuinplanten.nl\/wp-content\/uploads\/2024\/02\/post-5-feb-24.jpg\" alt=\"Unsere Spezialit\u00e4t\" \/>\n\t\t\t\t\t<\/a>\n\t\t\t\t<\/div>\n\t\t\t\t<div class=\"news_text\">\n\t\t\t\t\t<span class=\"news_date\"><em>05<\/em> Feb.<\/span>\n\t\t\t\t\t<h3>Unsere Spezialit\u00e4t<\/h3>\n\t\t\t\t\t<article>\n\t\t\t\t\t\t<p>\r\n\r\n\r\n\r\n\r\nMit einem Fokus auf Qualit\u00e4t und Vielfalt produzi...<\/p>\n\t\t\t\t\t<\/article>\n\t\t\t\t\t<div class=\"site_btn\">\n\t\t\t\t\t\t<a href=\"https:\/\/vwtuinplanten.nl\/de\/blog\/news\/onze-specialiteit\/\">Weiterlesen<\/a>\n\t\t\t\t\t\t<input type=\"hidden\" name=\"test\" value=\"de\">\n\t\t\t\t\t<\/div>\n\t\t\t\t<\/div>\n\t\t\t<\/div>\n\t\t\t\n\t\t\t<div class=\"news_grid\">\n\t\t\t\t<div class=\"news_img\">\n\t\t\t\t\t<a href=\"https:\/\/vwtuinplanten.nl\/de\/blog\/news\/tuinplanten-van-woudenberg-opent-nieuwe-teeltlocatie\/\">\n\t\t\t\t\t\t<img decoding=\"async\" src=\"https:\/\/vwtuinplanten.nl\/wp-content\/uploads\/2024\/02\/FB_IMG_1706965431567.jpg\" alt=\"Van Woudenberg Gartenpflanzen er\u00f6ffnet neuen Anbauort\" \/>\n\t\t\t\t\t<\/a>\n\t\t\t\t<\/div>\n\t\t\t\t<div class=\"news_text\">\n\t\t\t\t\t<span class=\"news_date\"><em>03<\/em> Feb.<\/span>\n\t\t\t\t\t<h3>Van Woudenberg Gartenpflanzen er\u00f6ffnet neuen Anbauort<\/h3>\n\t\t\t\t\t<article>\n\t\t\t\t\t\t<p>Wir haben gro\u00dfartige Neuigkeiten: Wir haben begonnen, unser...<\/p>\n\t\t\t\t\t<\/article>\n\t\t\t\t\t<div class=\"site_btn\">\n\t\t\t\t\t\t<a href=\"https:\/\/vwtuinplanten.nl\/de\/blog\/news\/tuinplanten-van-woudenberg-opent-nieuwe-teeltlocatie\/\">Weiterlesen<\/a>\n\t\t\t\t\t\t<input type=\"hidden\" name=\"test\" value=\"de\">\n\t\t\t\t\t<\/div>\n\t\t\t\t<\/div>\n\t\t\t<\/div>\n\t\t\t\n\t\t\t<div class=\"news_grid\">\n\t\t\t\t<div class=\"news_img\">\n\t\t\t\t\t<a href=\"https:\/\/vwtuinplanten.nl\/de\/blog\/news\/75-miljoen-planten\/\">\n\t\t\t\t\t\t<img decoding=\"async\" src=\"https:\/\/vwtuinplanten.nl\/wp-content\/uploads\/2024\/01\/Productassortiment.png\" alt=\"7,5 miljoen planten!\" \/>\n\t\t\t\t\t<\/a>\n\t\t\t\t<\/div>\n\t\t\t\t<div class=\"news_text\">\n\t\t\t\t\t<span class=\"news_date\"><em>30<\/em> Jan.<\/span>\n\t\t\t\t\t<h3>7,5 miljoen planten!<\/h3>\n\t\t\t\t\t<article>\n\t\t\t\t\t\t<p>Das ganze Jahr \u00fcber bieten wir eine gro\u00dfe Auswahl mit insg...<\/p>\n\t\t\t\t\t<\/article>\n\t\t\t\t\t<div class=\"site_btn\">\n\t\t\t\t\t\t<a href=\"https:\/\/vwtuinplanten.nl\/de\/blog\/news\/75-miljoen-planten\/\">Weiterlesen<\/a>\n\t\t\t\t\t\t<input type=\"hidden\" name=\"test\" value=\"de\">\n\t\t\t\t\t<\/div>\n\t\t\t\t<\/div>\n\t\t\t<\/div>\n\t\t\t\n\t\t\t<div class=\"news_grid\">\n\t\t\t\t<div class=\"news_img\">\n\t\t\t\t\t<a href=\"https:\/\/vwtuinplanten.nl\/de\/blog\/news\/start-van-2024\/\">\n\t\t\t\t\t\t<img decoding=\"async\" src=\"https:\/\/vwtuinplanten.nl\/wp-content\/uploads\/2024\/01\/Oogst-Portugal.jpg\" alt=\"Start ins Jahr 2024\" \/>\n\t\t\t\t\t<\/a>\n\t\t\t\t<\/div>\n\t\t\t\t<div class=\"news_text\">\n\t\t\t\t\t<span class=\"news_date\"><em>16<\/em> Jan.<\/span>\n\t\t\t\t\t<h3>Start ins Jahr 2024<\/h3>\n\t\t\t\t\t<article>\n\t\t\t\t\t\t<p>Die Fr\u00fchlingspflanzen in Portugal sehen hervorragend aus ?...<\/p>\n\t\t\t\t\t<\/article>\n\t\t\t\t\t<div class=\"site_btn\">\n\t\t\t\t\t\t<a href=\"https:\/\/vwtuinplanten.nl\/de\/blog\/news\/start-van-2024\/\">Weiterlesen<\/a>\n\t\t\t\t\t\t<input type=\"hidden\" name=\"test\" value=\"de\">\n\t\t\t\t\t<\/div>\n\t\t\t\t<\/div>\n\t\t\t<\/div>\n\t\t\t\n\t\t\t<div class=\"news_grid\">\n\t\t\t\t<div class=\"news_img\">\n\t\t\t\t\t<a href=\"https:\/\/vwtuinplanten.nl\/de\/blog\/news\/typisch-kerst\/\">\n\t\t\t\t\t\t<img decoding=\"async\" src=\"https:\/\/vwtuinplanten.nl\/wp-content\/uploads\/2023\/12\/20231221_084512-1024x1024.jpg\" alt=\"Typisch Weihnachten\" \/>\n\t\t\t\t\t<\/a>\n\t\t\t\t<\/div>\n\t\t\t\t<div class=\"news_text\">\n\t\t\t\t\t<span class=\"news_date\"><em>21<\/em> Dez.<\/span>\n\t\t\t\t\t<h3>Typisch Weihnachten<\/h3>\n\t\t\t\t\t<article>\n\t\t\t\t\t\t<p>Kurz vor Weihnachten hat nat\u00fcrlich jeder sein Haus, seinen ...<\/p>\n\t\t\t\t\t<\/article>\n\t\t\t\t\t<div class=\"site_btn\">\n\t\t\t\t\t\t<a href=\"https:\/\/vwtuinplanten.nl\/de\/blog\/news\/typisch-kerst\/\">Weiterlesen<\/a>\n\t\t\t\t\t\t<input type=\"hidden\" name=\"test\" value=\"de\">\n\t\t\t\t\t<\/div>\n\t\t\t\t<\/div>\n\t\t\t<\/div>\n\t\t\t\n\t\t\t<div class=\"news_grid\">\n\t\t\t\t<div class=\"news_img\">\n\t\t\t\t\t<a href=\"https:\/\/vwtuinplanten.nl\/de\/blog\/news\/verschillende-soorten-lavendula-angustifolia\/\">\n\t\t\t\t\t\t<img decoding=\"async\" src=\"https:\/\/vwtuinplanten.nl\/wp-content\/uploads\/2023\/12\/Lavendula-Angustifolia.png\" alt=\"Verschiedene Sorten Lavandula angustifolia\" \/>\n\t\t\t\t\t<\/a>\n\t\t\t\t<\/div>\n\t\t\t\t<div class=\"news_text\">\n\t\t\t\t\t<span class=\"news_date\"><em>14<\/em> Dez.<\/span>\n\t\t\t\t\t<h3>Verschiedene Sorten Lavandula angustifolia<\/h3>\n\t\t\t\t\t<article>\n\t\t\t\t\t\t<p>Unsere Freiland-Lavandula-angustifolia-Pflanzen sind wunders...<\/p>\n\t\t\t\t\t<\/article>\n\t\t\t\t\t<div class=\"site_btn\">\n\t\t\t\t\t\t<a href=\"https:\/\/vwtuinplanten.nl\/de\/blog\/news\/verschillende-soorten-lavendula-angustifolia\/\">Weiterlesen<\/a>\n\t\t\t\t\t\t<input type=\"hidden\" name=\"test\" value=\"de\">\n\t\t\t\t\t<\/div>\n\t\t\t\t<\/div>\n\t\t\t<\/div>\n\t\t\t\n\t\t\t<div class=\"news_grid\">\n\t\t\t\t<div class=\"news_img\">\n\t\t\t\t\t<a href=\"https:\/\/vwtuinplanten.nl\/de\/blog\/news\/2024-belooft-een-prachtig-seizoen-te-worden\/\">\n\t\t\t\t\t\t<img decoding=\"async\" src=\"https:\/\/vwtuinplanten.nl\/wp-content\/uploads\/2023\/11\/einde-plantenseizoen.jpg\" alt=\"2024 verspricht eine wundersch\u00f6ne Saison zu werden\" \/>\n\t\t\t\t\t<\/a>\n\t\t\t\t<\/div>\n\t\t\t\t<div class=\"news_text\">\n\t\t\t\t\t<span class=\"news_date\"><em>16<\/em> Nov.<\/span>\n\t\t\t\t\t<h3>2024 verspricht eine wundersch\u00f6ne Saison zu werden<\/h3>\n\t\t\t\t\t<article>\n\t\t\t\t\t\t<p>Die Staudenpflanzensaison 2023 ist bereits vorbei!\r\nWir blic...<\/p>\n\t\t\t\t\t<\/article>\n\t\t\t\t\t<div class=\"site_btn\">\n\t\t\t\t\t\t<a href=\"https:\/\/vwtuinplanten.nl\/de\/blog\/news\/2024-belooft-een-prachtig-seizoen-te-worden\/\">Weiterlesen<\/a>\n\t\t\t\t\t\t<input type=\"hidden\" name=\"test\" value=\"de\">\n\t\t\t\t\t<\/div>\n\t\t\t\t<\/div>\n\t\t\t<\/div>\n\t\t\t\n\t\t\t<div class=\"news_grid\">\n\t\t\t\t<div class=\"news_img\">\n\t\t\t\t\t<a href=\"https:\/\/vwtuinplanten.nl\/de\/blog\/news\/eerste-turfvrije-batches\/\">\n\t\t\t\t\t\t<img decoding=\"async\" src=\"https:\/\/vwtuinplanten.nl\/wp-content\/uploads\/2023\/11\/first-batches.jpg\" alt=\"Erste torffreie Chargen\" \/>\n\t\t\t\t\t<\/a>\n\t\t\t\t<\/div>\n\t\t\t\t<div class=\"news_text\">\n\t\t\t\t\t<span class=\"news_date\"><em>01<\/em> Nov.<\/span>\n\t\t\t\t\t<h3>Erste torffreie Chargen<\/h3>\n\t\t\t\t\t<article>\n\t\t\t\t\t\t<p>In unserem letzten Update haben wir dar\u00fcber berichtet, wie ...<\/p>\n\t\t\t\t\t<\/article>\n\t\t\t\t\t<div class=\"site_btn\">\n\t\t\t\t\t\t<a href=\"https:\/\/vwtuinplanten.nl\/de\/blog\/news\/eerste-turfvrije-batches\/\">Weiterlesen<\/a>\n\t\t\t\t\t\t<input type=\"hidden\" name=\"test\" value=\"de\">\n\t\t\t\t\t<\/div>\n\t\t\t\t<\/div>\n\t\t\t<\/div>\n\t\t\t\n\t\t\t<div class=\"news_grid\">\n\t\t\t\t<div class=\"news_img\">\n\t\t\t\t\t<a href=\"https:\/\/vwtuinplanten.nl\/de\/blog\/news\/nagenieten\/\">\n\t\t\t\t\t\t<img decoding=\"async\" src=\"https:\/\/vwtuinplanten.nl\/wp-content\/uploads\/2023\/10\/team-vwoudenberg-1024x769.jpg\" alt=\"Erinnerungen genie\u00dfen\" \/>\n\t\t\t\t\t<\/a>\n\t\t\t\t<\/div>\n\t\t\t\t<div class=\"news_text\">\n\t\t\t\t\t<span class=\"news_date\"><em>16<\/em> Okt.<\/span>\n\t\t\t\t\t<h3>Erinnerungen genie\u00dfen<\/h3>\n\t\t\t\t\t<article>\n\t\t\t\t\t\t<p>Wir genie\u00dfen immer noch die Erinnerungen an unseren Teamaus...<\/p>\n\t\t\t\t\t<\/article>\n\t\t\t\t\t<div class=\"site_btn\">\n\t\t\t\t\t\t<a href=\"https:\/\/vwtuinplanten.nl\/de\/blog\/news\/nagenieten\/\">Weiterlesen<\/a>\n\t\t\t\t\t\t<input type=\"hidden\" name=\"test\" value=\"de\">\n\t\t\t\t\t<\/div>\n\t\t\t\t<\/div>\n\t\t\t<\/div>\n\t\t\t\n\t\t\t<div class=\"news_grid\">\n\t\t\t\t<div class=\"news_img\">\n\t\t\t\t\t<a href=\"https:\/\/vwtuinplanten.nl\/de\/blog\/news\/zilveren-medaille\/\">\n\t\t\t\t\t\t<img decoding=\"async\" src=\"https:\/\/vwtuinplanten.nl\/wp-content\/uploads\/2023\/09\/sunseeker-zilveren-medaille.jpg\" alt=\"Silbermedaille\" \/>\n\t\t\t\t\t<\/a>\n\t\t\t\t<\/div>\n\t\t\t\t<div class=\"news_text\">\n\t\t\t\t\t<span class=\"news_date\"><em>29<\/em> Sep.<\/span>\n\t\t\t\t\t<h3>Silbermedaille<\/h3>\n\t\t\t\t\t<article>\n\t\t\t\t\t\t<p>Dank unserer wunderbaren Partnerschaft mit Allplant Gootjes ...<\/p>\n\t\t\t\t\t<\/article>\n\t\t\t\t\t<div class=\"site_btn\">\n\t\t\t\t\t\t<a href=\"https:\/\/vwtuinplanten.nl\/de\/blog\/news\/zilveren-medaille\/\">Weiterlesen<\/a>\n\t\t\t\t\t\t<input type=\"hidden\" name=\"test\" value=\"de\">\n\t\t\t\t\t<\/div>\n\t\t\t\t<\/div>\n\t\t\t<\/div>\n\t\t\t\n\t\t\t<div class=\"news_grid\">\n\t\t\t\t<div class=\"news_img\">\n\t\t\t\t\t<a href=\"https:\/\/vwtuinplanten.nl\/de\/blog\/news\/lavendel-seizoen-2024\/\">\n\t\t\t\t\t\t<img decoding=\"async\" src=\"https:\/\/vwtuinplanten.nl\/wp-content\/uploads\/2023\/08\/lavendelveld-768x1024.jpg\" alt=\"Lavendelsaison 2024\" \/>\n\t\t\t\t\t<\/a>\n\t\t\t\t<\/div>\n\t\t\t\t<div class=\"news_text\">\n\t\t\t\t\t<span class=\"news_date\"><em>07<\/em> Aug.<\/span>\n\t\t\t\t\t<h3>Lavendelsaison 2024<\/h3>\n\t\t\t\t\t<article>\n\t\t\t\t\t\t<p>Wir Tun Alles f\u00fcr die Beste Qualit\u00e4t\r\nDazu geh\u00f6rt auch, d...<\/p>\n\t\t\t\t\t<\/article>\n\t\t\t\t\t<div class=\"site_btn\">\n\t\t\t\t\t\t<a href=\"https:\/\/vwtuinplanten.nl\/de\/blog\/news\/lavendel-seizoen-2024\/\">Weiterlesen<\/a>\n\t\t\t\t\t\t<input type=\"hidden\" name=\"test\" value=\"de\">\n\t\t\t\t\t<\/div>\n\t\t\t\t<\/div>\n\t\t\t<\/div>\n\t\t\t\n\t\t\t<div class=\"news_grid\">\n\t\t\t\t<div class=\"news_img\">\n\t\t\t\t\t<a href=\"https:\/\/vwtuinplanten.nl\/de\/blog\/news\/oranje\/\">\n\t\t\t\t\t\t<img decoding=\"async\" src=\"https:\/\/vwtuinplanten.nl\/wp-content\/uploads\/2023\/07\/Oranje-legion-768x1024.jpg\" alt=\"Die Farbe ist Orange!\" \/>\n\t\t\t\t\t<\/a>\n\t\t\t\t<\/div>\n\t\t\t\t<div class=\"news_text\">\n\t\t\t\t\t<span class=\"news_date\"><em>27<\/em> Juli<\/span>\n\t\t\t\t\t<h3>Die Farbe ist Orange!<\/h3>\n\t\t\t\t\t<article>\n\t\t\t\t\t\t<p>So kommt man in Stimmung f\u00fcr das niederl\u00e4ndische Frauentea...<\/p>\n\t\t\t\t\t<\/article>\n\t\t\t\t\t<div class=\"site_btn\">\n\t\t\t\t\t\t<a href=\"https:\/\/vwtuinplanten.nl\/de\/blog\/news\/oranje\/\">Weiterlesen<\/a>\n\t\t\t\t\t\t<input type=\"hidden\" name=\"test\" value=\"de\">\n\t\t\t\t\t<\/div>\n\t\t\t\t<\/div>\n\t\t\t<\/div>\n\t\t\t\n\t\t\t<div class=\"news_grid\">\n\t\t\t\t<div class=\"news_img\">\n\t\t\t\t\t<a href=\"https:\/\/vwtuinplanten.nl\/de\/blog\/news\/vaste-planten-show-week-22\/\">\n\t\t\t\t\t\t<img decoding=\"async\" src=\"https:\/\/vwtuinplanten.nl\/wp-content\/uploads\/2023\/06\/vaste-plantenshow-vw.jpg\" alt=\"Woche 22 der Staudenpflanzenschau!\" \/>\n\t\t\t\t\t<\/a>\n\t\t\t\t<\/div>\n\t\t\t\t<div class=\"news_text\">\n\t\t\t\t\t<span class=\"news_date\"><em>05<\/em> Juni<\/span>\n\t\t\t\t\t<h3>Woche 22 der Staudenpflanzenschau!<\/h3>\n\t\t\t\t\t<article>\n\t\t\t\t\t\t<p>Es ist bereits die 22. Woche der Staudenpflanzenschau!\r\nBei ...<\/p>\n\t\t\t\t\t<\/article>\n\t\t\t\t\t<div class=\"site_btn\">\n\t\t\t\t\t\t<a href=\"https:\/\/vwtuinplanten.nl\/de\/blog\/news\/vaste-planten-show-week-22\/\">Weiterlesen<\/a>\n\t\t\t\t\t\t<input type=\"hidden\" name=\"test\" value=\"de\">\n\t\t\t\t\t<\/div>\n\t\t\t\t<\/div>\n\t\t\t<\/div>\n\t\t\t\n\t\t\t<div class=\"news_grid\">\n\t\t\t\t<div class=\"news_img\">\n\t\t\t\t\t<a href=\"https:\/\/vwtuinplanten.nl\/de\/blog\/news\/van-woudenberg-tuinplanten-altijd-in-beweging\/\">\n\t\t\t\t\t\t<img decoding=\"async\" src=\"https:\/\/vwtuinplanten.nl\/wp-content\/uploads\/2021\/03\/Gerenoveerde-locatie-met-nieuws-asfalt-op-27-1024x768.jpg\" alt=\"Van Woudenberg Tuinplanten immer in Bewegung!\" \/>\n\t\t\t\t\t<\/a>\n\t\t\t\t<\/div>\n\t\t\t\t<div class=\"news_text\">\n\t\t\t\t\t<span class=\"news_date\"><em>09<\/em> M\u00e4rz<\/span>\n\t\t\t\t\t<h3>Van Woudenberg Tuinplanten immer in Bewegung!<\/h3>\n\t\t\t\t\t<article>\n\t\t\t\t\t\t<p>Bei Van Woudenberg Tuinplanten sind wir immer damit besch\u00e4f...<\/p>\n\t\t\t\t\t<\/article>\n\t\t\t\t\t<div class=\"site_btn\">\n\t\t\t\t\t\t<a href=\"https:\/\/vwtuinplanten.nl\/de\/blog\/news\/van-woudenberg-tuinplanten-altijd-in-beweging\/\">Weiterlesen<\/a>\n\t\t\t\t\t\t<input type=\"hidden\" name=\"test\" value=\"de\">\n\t\t\t\t\t<\/div>\n\t\t\t\t<\/div>\n\t\t\t<\/div>\n\t\t\t\n\t\t\t<div class=\"news_grid\">\n\t\t\t\t<div class=\"news_img\">\n\t\t\t\t\t<a href=\"https:\/\/vwtuinplanten.nl\/de\/blog\/news\/corydalis-porcelain-blue-wint-de-gouden-tulp\/\">\n\t\t\t\t\t\t<img decoding=\"async\" src=\"https:\/\/vwtuinplanten.nl\/wp-content\/uploads\/2020\/12\/Glazen-Tulp-2020-2021.jpg\" alt=\"Corydalis Porcelain Blue gewinnt die Gouden Tulp\" \/>\n\t\t\t\t\t<\/a>\n\t\t\t\t<\/div>\n\t\t\t\t<div class=\"news_text\">\n\t\t\t\t\t<span class=\"news_date\"><em>10<\/em> Dez.<\/span>\n\t\t\t\t\t<h3>Corydalis Porcelain Blue gewinnt die Gouden Tulp<\/h3>\n\t\t\t\t\t<article>\n\t\t\t\t\t\t<p>Wir sind \u00fcberrascht und stolz, dass wir auch in diesem Jahr...<\/p>\n\t\t\t\t\t<\/article>\n\t\t\t\t\t<div class=\"site_btn\">\n\t\t\t\t\t\t<a href=\"https:\/\/vwtuinplanten.nl\/de\/blog\/news\/corydalis-porcelain-blue-wint-de-gouden-tulp\/\">Weiterlesen<\/a>\n\t\t\t\t\t\t<input type=\"hidden\" name=\"test\" value=\"de\">\n\t\t\t\t\t<\/div>\n\t\t\t\t<\/div>\n\t\t\t<\/div>\n\t\t\t<\/div>[\/vc_column_text][\/vc_column_inner][\/vc_row_inner][\/vc_column][\/vc_row]<\/p>\n<\/div>","protected":false},"excerpt":{"rendered":"<p>[vc_row full_width=&#187;stretch_row&#187; content_placement=&#187;middle&#187; el_class=&#187;inner_banner_block&#187; css=&#187;.vc_custom_1564120601791{background-image: url(https:\/\/vwtuinplanten.nl\/wp-content\/uploads\/2019\/07\/inner-banner.jpg?id=101) !important;background-position: center !important;background-repeat: no-repeat !important;background-size: cover !important;}&#187;][vc_column][vc_row_inner][vc_column_inner][vc_custom_heading text=&#187;Neuigkeiten&#187; font_container=&#187;tag:h1|text_align:center|color:%23ffffff&#187; use_theme_fonts=&#187;yes&#187; el_class=&#187;inner_banner_title&#187;][\/vc_column_inner][\/vc_row_inner][\/vc_column][\/vc_row][vc_row full_width=&#187;stretch_row&#187; el_class=&#187;news_block block_space&#187;][vc_column][vc_row_inner][vc_column_inner][vc_column_text css=&#187;.vc_custom_1564140045368{margin-bottom: 0px !important;}&#187;][\/vc_column_text][\/vc_column_inner][\/vc_row_inner][\/vc_column][\/vc_row]<\/p>\n","protected":false},"author":1,"featured_media":0,"parent":0,"menu_order":0,"comment_status":"closed","ping_status":"closed","template":"","meta":{"_acf_changed":false,"footnotes":""},"class_list":["post-176","page","type-page","status-publish","hentry","entry"],"acf":[],"_links":{"self":[{"href":"https:\/\/vwtuinplanten.nl\/de\/wp-json\/wp\/v2\/pages\/176","targetHints":{"allow":["GET"]}}],"collection":[{"href":"https:\/\/vwtuinplanten.nl\/de\/wp-json\/wp\/v2\/pages"}],"about":[{"href":"https:\/\/vwtuinplanten.nl\/de\/wp-json\/wp\/v2\/types\/page"}],"author":[{"embeddable":true,"href":"https:\/\/vwtuinplanten.nl\/de\/wp-json\/wp\/v2\/users\/1"}],"replies":[{"embeddable":true,"href":"https:\/\/vwtuinplanten.nl\/de\/wp-json\/wp\/v2\/comments?post=176"}],"version-history":[{"count":12,"href":"https:\/\/vwtuinplanten.nl\/de\/wp-json\/wp\/v2\/pages\/176\/revisions"}],"predecessor-version":[{"id":179,"href":"https:\/\/vwtuinplanten.nl\/de\/wp-json\/wp\/v2\/pages\/176\/revisions\/179"}],"wp:attachment":[{"href":"https:\/\/vwtuinplanten.nl\/de\/wp-json\/wp\/v2\/media?parent=176"}],"curies":[{"name":"wp","href":"https:\/\/api.w.org\/{rel}","templated":true}]}}